{"id":16272,"date":"2015-11-18T08:37:53","date_gmt":"2015-11-18T08:37:53","guid":{"rendered":"http:\/\/interior-design.cmsmasters.net\/?page_id=7366"},"modified":"2020-12-09T21:29:27","modified_gmt":"2020-12-09T21:29:27","slug":"home-store-2-2","status":"publish","type":"page","link":"https:\/\/www.revistasur.cl\/revistasur.cl\/","title":{"rendered":"Inicio"},"content":{"rendered":"<div id=\"cmsmasters_row_46351931b1\" class=\"cmsmasters_row cmsmasters_color_scheme_default cmsmasters_row_top_default cmsmasters_row_bot_default cmsmasters_row_fullwidth\">\n<div class=\"cmsmasters_row_outer_parent\">\n<div class=\"cmsmasters_row_outer\">\n<div class=\"cmsmasters_row_inner cmsmasters_row_fullwidth\">\n<div class=\"cmsmasters_row_margin\">\n<div id=\"cmsmasters_column_\" class=\"cmsmasters_column one_first\">\n<div class=\"cmsmasters_column_inner\">\n<div class=\"cmsmasters_slider\">\n<div id=\"rev_slider_1_1_wrapper\" class=\"rev_slider_wrapper fullwidthbanner-container\" data-source=\"posts\" style=\"margin:0px auto;background:transparent;padding:0px;margin-top:0px;margin-bottom:0px;\">\n<!-- START REVOLUTION SLIDER 5.4.8.1 auto mode -->\n\t<div id=\"rev_slider_1_1\" class=\"rev_slider fullwidthabanner\" style=\"display:none;\" data-version=\"5.4.8.1\">\n<ul>\t<!-- SLIDE  -->\n\t<li data-index=\"rs-161624\" data-transition=\"parallaxhorizontal\" data-slotamount=\"default\" data-hideafterloop=\"0\" data-hideslideonmobile=\"off\"  data-easein=\"default\" data-easeout=\"default\" data-masterspeed=\"8220\"  data-delay=\"5000\"  data-rotate=\"0\"  data-saveperformance=\"off\"  data-title=\"Taller de narrativas promovi\u00f3 el intercambio de experiencias y perspectivas en nuevo encuentro de la Red de Periodistas Migrantes\" data-param1=\"\" data-param2=\"\" data-param3=\"\" data-param4=\"\" data-param5=\"\" data-param6=\"\" data-param7=\"\" data-param8=\"\" data-param9=\"\" data-param10=\"\" data-description=\"En el espacio formativo del Cuarto Encuentro Nacional de la Red de Periodistas Migrantes se compartieron vivencias en el contexto digital, entre colegas, comunidad acad\u00e9mica y p\u00fablico asistente.\">\n\t\t<!-- MAIN IMAGE -->\n\t\t<img loading=\"lazy\" decoding=\"async\" src=\"https:\/\/www.revistasur.cl\/wp-content\/uploads\/2026\/08\/FOTO-TALLER-NARRATIVASA-scaled.jpg\"  alt=\"\" title=\"FOTO TALLER NARRATIVAS(A)\"  width=\"2560\" height=\"1196\" data-bgposition=\"center center\" data-bgfit=\"cover\" data-bgrepeat=\"no-repeat\" class=\"rev-slidebg\" data-no-retina>\n\t\t<!-- LAYERS -->\n\n\t\t<!-- LAYER NR. 1 -->\n\t\t<a class=\"tp-caption   tp-resizeme\" \n href=\"https:\/\/www.revistasur.cl\/revistasur.cl\/author\/red-de-periodistas-y-comunicadores-migrantes\/\" target=\"_blank\"\t\t\t id=\"slide-161624-layer-28\" \n\t\t\t data-x=\"['left','left','left','left']\" data-hoffset=\"['865','38','65','64']\" \n\t\t\t data-y=\"['top','top','top','top']\" data-voffset=\"['192','412','294','329']\" \n\t\t\t\t\t\tdata-fontsize=\"['16','16','19','19']\"\n\t\t\tdata-width=\"none\"\n\t\t\tdata-height=\"none\"\n\t\t\tdata-whitespace=\"nowrap\"\n \n\t\t\tdata-type=\"text\" \n\t\t\tdata-actions=''\n\t\t\tdata-responsive_offset=\"on\" \n\n\t\t\tdata-frames='[{\"delay\":-2140,\"speed\":2140,\"frame\":\"0\",\"from\":\"opacity:0;\",\"to\":\"o:1;\",\"ease\":\"Power3.easeInOut\"},{\"delay\":\"+-50\",\"speed\":5290,\"frame\":\"999\",\"to\":\"opacity:0;\",\"ease\":\"Power3.easeInOut\"},{\"frame\":\"hover\",\"speed\":\"300\",\"ease\":\"Linear.easeNone\",\"to\":\"o:1;rX:0;rY:0;rZ:0;z:0;\",\"style\":\"c:rgba(255,255,255,0.7);br:0px 0px 0px 0px;\"}]'\n\t\t\tdata-textAlign=\"['inherit','inherit','inherit','inherit']\"\n\t\t\tdata-paddingtop=\"[0,0,0,0]\"\n\t\t\tdata-paddingright=\"[0,0,0,0]\"\n\t\t\tdata-paddingbottom=\"[0,0,0,0]\"\n\t\t\tdata-paddingleft=\"[0,0,0,0]\"\n\n\t\t\tstyle=\"z-index: 5; white-space: nowrap; font-size: 16px; line-height: 22px; font-weight: 400; color: #ffffff; letter-spacing: 0px;letter-spacing:-0.8px;text-decoration: none;\">by Red de Periodistas Migrantes <\/a>\n\n\t\t<!-- LAYER NR. 2 -->\n\t\t<a class=\"tp-caption   tp-resizeme\" \n href=\"https:\/\/www.revistasur.cl\/revistasur.cl\/author\/red-de-periodistas-y-comunicadores-migrantes\/\" target=\"_blank\"\t\t\t id=\"slide-161624-layer-32\" \n\t\t\t data-x=\"['left','left','left','left']\" data-hoffset=\"['1127','0','25','26']\" \n\t\t\t data-y=\"['top','top','top','top']\" data-voffset=\"['506','411','292','328']\" \n\t\t\t\t\t\tdata-width=\"none\"\n\t\t\tdata-height=\"none\"\n\t\t\tdata-whitespace=\"nowrap\"\n \n\t\t\tdata-type=\"text\" \n\t\t\tdata-actions=''\n\t\t\tdata-responsive_offset=\"on\" \n\n\t\t\tdata-frames='[{\"delay\":-220,\"speed\":220,\"frame\":\"0\",\"from\":\"opacity:0;\",\"to\":\"o:1;\",\"ease\":\"Power3.easeInOut\"},{\"delay\":\"+-10\",\"speed\":4860,\"frame\":\"999\",\"to\":\"opacity:0;\",\"ease\":\"Power3.easeInOut\"}]'\n\t\t\tdata-textAlign=\"['inherit','inherit','inherit','inherit']\"\n\t\t\tdata-paddingtop=\"[0,0,0,0]\"\n\t\t\tdata-paddingright=\"[0,0,0,0]\"\n\t\t\tdata-paddingbottom=\"[0,0,0,0]\"\n\t\t\tdata-paddingleft=\"[0,0,0,0]\"\n\n\t\t\tstyle=\"z-index: 6; white-space: nowrap; font-size: 20px; line-height: 22px; font-weight: 400; color: #ffffff; letter-spacing: 0px;text-decoration: none;\"><img loading=\"lazy\" decoding=\"async\" width=\"26\" height=\"26\" class=\"circle-shape\" src=\"https:\/\/secure.gravatar.com\/avatar\/0acd3d3ff27e2831f2a21a223d5e784c?s=26&d=blank&r=g\"><i class=\"fa-icon-check\"><\/i> <\/a>\n\n\t\t<!-- LAYER NR. 3 -->\n\t\t<div class=\"tp-caption   tp-resizeme  separating\" \n\t\t\t id=\"slide-161624-layer-34\" \n\t\t\t data-x=\"['left','left','left','left']\" data-hoffset=\"['291','0','25','25']\" \n\t\t\t data-y=\"['top','top','top','top']\" data-voffset=\"['190','168','46','56']\" \n\t\t\t\t\t\tdata-fontsize=\"['18','18','21','16']\"\n\t\t\tdata-width=\"['100%','100%','100%','275']\"\n\t\t\tdata-height=\"none\"\n\t\t\tdata-whitespace=\"nowrap\"\n \n\t\t\tdata-type=\"text\" \n\t\t\tdata-responsive_offset=\"on\" \n\n\t\t\tdata-frames='[{\"delay\":-3460.000152587890625,\"speed\":3460,\"frame\":\"0\",\"from\":\"x:[-100%];z:0;rX:0deg;rY:0;rZ:0;sX:1;sY:1;skX:0;skY:0;\",\"mask\":\"x:0px;y:0px;s:inherit;e:inherit;\",\"to\":\"o:1;\",\"ease\":\"Power3.easeInOut\"},{\"delay\":\"+0.000152587890625\",\"speed\":5280,\"frame\":\"999\",\"to\":\"opacity:0;\",\"ease\":\"Power3.easeInOut\"},{\"frame\":\"hover\",\"speed\":\"300\",\"ease\":\"Linear.easeNone\",\"to\":\"o:1;rX:0;rY:0;rZ:0;z:0;\",\"style\":\"c:rgb(255,255,255);br:0px 0px 0px 0px;\"}]'\n\t\t\tdata-textAlign=\"['inherit','inherit','inherit','inherit']\"\n\t\t\tdata-paddingtop=\"[0,0,0,0]\"\n\t\t\tdata-paddingright=\"[0,0,0,0]\"\n\t\t\tdata-paddingbottom=\"[0,0,0,0]\"\n\t\t\tdata-paddingleft=\"[0,0,0,0]\"\n\n\t\t\tstyle=\"z-index: 7; min-width: 100%px; max-width: 100%px; white-space: nowrap; font-size: 18px; line-height: 22px; font-weight: 500; color: #ffffff; letter-spacing: 0px;\"><span style=\"font-size: 16px;\" class=\"cmsmasters_cat_color\"> \n   <a href=\"https:\/\/www.revistasur.cl\/revistasur.cl\/category\/migracion\/\" title=\"View all posts in Migraci\u00f3n\" rel=\"category tag\">Migraci\u00f3n<\/a>\n<\/span>\n<span class=\"date cmsmasters-icon-custom-icon-clock\">\n    27 agosto, 2026\n<\/span>\n<span class=\"comment cmsmasters_theme_icon_comment\"> \n   0\n<\/span>\n <\/div>\n\n\t\t<!-- LAYER NR. 4 -->\n\t\t<a class=\"tp-caption   tp-resizeme\" \n href=\"https:\/\/www.revistasur.cl\/revistasur.cl\/2026\/08\/taller-de-narrativas-promovio-el-intercambio-de-experiencias-y-perspectivas-en-nuevo-encuentro-de-la-red-de-periodistas-migrantes\/\" target=\"_blank\"\t\t\t id=\"slide-161624-layer-37\" \n\t\t\t data-x=\"['left','left','left','left']\" data-hoffset=\"['292','0','25','25']\" \n\t\t\t data-y=\"['top','top','top','top']\" data-voffset=\"['230','212','101','128']\" \n\t\t\t\t\t\tdata-fontsize=\"['70','70','53','35']\"\n\t\t\tdata-lineheight=\"['80','80','60','45']\"\n\t\t\tdata-width=\"['900','900','575','286']\"\n\t\t\tdata-height=\"none\"\n\t\t\tdata-whitespace=\"normal\"\n \n\t\t\tdata-type=\"text\" \n\t\t\tdata-actions=''\n\t\t\tdata-responsive_offset=\"on\" \n\n\t\t\tdata-frames='[{\"delay\":-4000.0000762939453125,\"speed\":4000,\"frame\":\"0\",\"from\":\"x:[100%];z:0;rX:0deg;rY:0;rZ:0;sX:1;sY:1;skX:0;skY:0;\",\"mask\":\"x:0px;y:0px;s:inherit;e:inherit;\",\"to\":\"o:1;\",\"ease\":\"Power3.easeInOut\"},{\"delay\":\"+7.62939453125E-5\",\"speed\":8000,\"frame\":\"999\",\"to\":\"opacity:0;\",\"ease\":\"Power3.easeInOut\"},{\"frame\":\"hover\",\"speed\":\"300\",\"ease\":\"Linear.easeNone\",\"to\":\"o:1;rX:0;rY:0;rZ:0;z:0;\",\"style\":\"c:rgba(255,255,255,0.7);br:0px 0px 0px 0px;\"}]'\n\t\t\tdata-textAlign=\"['inherit','inherit','inherit','inherit']\"\n\t\t\tdata-paddingtop=\"[0,0,0,0]\"\n\t\t\tdata-paddingright=\"[0,0,0,0]\"\n\t\t\tdata-paddingbottom=\"[0,0,0,0]\"\n\t\t\tdata-paddingleft=\"[0,0,0,0]\"\n\n\t\t\tstyle=\"z-index: 8; min-width: 900px; max-width: 900px; white-space: normal; font-size: 70px; line-height: 80px; font-weight: 700; color: #ffffff; letter-spacing: 0px;text-decoration: none;\">Taller de narrativas promovi\u00f3 el intercambio de experiencias y perspectivas en nuevo encuentro de la Red de Periodistas Migrantes <\/a>\n\t<\/li>\n\t<!-- SLIDE  -->\n\t<li data-index=\"rs-161621\" data-transition=\"parallaxhorizontal\" data-slotamount=\"default\" data-hideafterloop=\"0\" data-hideslideonmobile=\"off\"  data-easein=\"default\" data-easeout=\"default\" data-masterspeed=\"8220\"  data-delay=\"5000\"  data-rotate=\"0\"  data-saveperformance=\"off\"  data-title=\"\u00bfCu\u00e1l es la funci\u00f3n de los medios comunitarios en la sociedad y qu\u00e9 retos tienen en el tiempo?\" data-param1=\"\" data-param2=\"\" data-param3=\"\" data-param4=\"\" data-param5=\"\" data-param6=\"\" data-param7=\"\" data-param8=\"\" data-param9=\"\" data-param10=\"\" data-description=\"En el segundo taller del IV Encuentro Nacional de la Red de Periodistas Migrantes, los docentes Juan Ortega y Patricia Matus de la Parra abordaron el rol articulador de los medios comunitarios frente al escenario monopolizado de la comunicaci\u00f3n en Chile, y presentaron un modelo de gesti\u00f3n en cinco dimensiones para pensar su sostenibilidad m\u00e1s all\u00e1 del financiamiento.\">\n\t\t<!-- MAIN IMAGE -->\n\t\t<img loading=\"lazy\" decoding=\"async\" src=\"https:\/\/www.revistasur.cl\/wp-content\/uploads\/2026\/08\/FOTO-TALLER-SOSTENIBILIDAD-DE-MEDIOS-a-2-scaled.jpg\"  alt=\"\" title=\"FOTO TALLER SOSTENIBILIDAD DE MEDIOS (a) 2\"  width=\"2560\" height=\"1566\" data-bgposition=\"center center\" data-bgfit=\"cover\" data-bgrepeat=\"no-repeat\" class=\"rev-slidebg\" data-no-retina>\n\t\t<!-- LAYERS -->\n\n\t\t<!-- LAYER NR. 5 -->\n\t\t<a class=\"tp-caption   tp-resizeme\" \n href=\"https:\/\/www.revistasur.cl\/revistasur.cl\/author\/red-de-periodistas-y-comunicadores-migrantes\/\" target=\"_blank\"\t\t\t id=\"slide-161621-layer-28\" \n\t\t\t data-x=\"['left','left','left','left']\" data-hoffset=\"['865','38','65','64']\" \n\t\t\t data-y=\"['top','top','top','top']\" data-voffset=\"['192','412','294','329']\" \n\t\t\t\t\t\tdata-fontsize=\"['16','16','19','19']\"\n\t\t\tdata-width=\"none\"\n\t\t\tdata-height=\"none\"\n\t\t\tdata-whitespace=\"nowrap\"\n \n\t\t\tdata-type=\"text\" \n\t\t\tdata-actions=''\n\t\t\tdata-responsive_offset=\"on\" \n\n\t\t\tdata-frames='[{\"delay\":-2140,\"speed\":2140,\"frame\":\"0\",\"from\":\"opacity:0;\",\"to\":\"o:1;\",\"ease\":\"Power3.easeInOut\"},{\"delay\":\"+-50\",\"speed\":5290,\"frame\":\"999\",\"to\":\"opacity:0;\",\"ease\":\"Power3.easeInOut\"},{\"frame\":\"hover\",\"speed\":\"300\",\"ease\":\"Linear.easeNone\",\"to\":\"o:1;rX:0;rY:0;rZ:0;z:0;\",\"style\":\"c:rgba(255,255,255,0.7);br:0px 0px 0px 0px;\"}]'\n\t\t\tdata-textAlign=\"['inherit','inherit','inherit','inherit']\"\n\t\t\tdata-paddingtop=\"[0,0,0,0]\"\n\t\t\tdata-paddingright=\"[0,0,0,0]\"\n\t\t\tdata-paddingbottom=\"[0,0,0,0]\"\n\t\t\tdata-paddingleft=\"[0,0,0,0]\"\n\n\t\t\tstyle=\"z-index: 5; white-space: nowrap; font-size: 16px; line-height: 22px; font-weight: 400; color: #ffffff; letter-spacing: 0px;letter-spacing:-0.8px;text-decoration: none;\">by Red de Periodistas Migrantes <\/a>\n\n\t\t<!-- LAYER NR. 6 -->\n\t\t<a class=\"tp-caption   tp-resizeme\" \n href=\"https:\/\/www.revistasur.cl\/revistasur.cl\/author\/red-de-periodistas-y-comunicadores-migrantes\/\" target=\"_blank\"\t\t\t id=\"slide-161621-layer-32\" \n\t\t\t data-x=\"['left','left','left','left']\" data-hoffset=\"['1127','0','25','26']\" \n\t\t\t data-y=\"['top','top','top','top']\" data-voffset=\"['506','411','292','328']\" \n\t\t\t\t\t\tdata-width=\"none\"\n\t\t\tdata-height=\"none\"\n\t\t\tdata-whitespace=\"nowrap\"\n \n\t\t\tdata-type=\"text\" \n\t\t\tdata-actions=''\n\t\t\tdata-responsive_offset=\"on\" \n\n\t\t\tdata-frames='[{\"delay\":-220,\"speed\":220,\"frame\":\"0\",\"from\":\"opacity:0;\",\"to\":\"o:1;\",\"ease\":\"Power3.easeInOut\"},{\"delay\":\"+-10\",\"speed\":4860,\"frame\":\"999\",\"to\":\"opacity:0;\",\"ease\":\"Power3.easeInOut\"}]'\n\t\t\tdata-textAlign=\"['inherit','inherit','inherit','inherit']\"\n\t\t\tdata-paddingtop=\"[0,0,0,0]\"\n\t\t\tdata-paddingright=\"[0,0,0,0]\"\n\t\t\tdata-paddingbottom=\"[0,0,0,0]\"\n\t\t\tdata-paddingleft=\"[0,0,0,0]\"\n\n\t\t\tstyle=\"z-index: 6; white-space: nowrap; font-size: 20px; line-height: 22px; font-weight: 400; color: #ffffff; letter-spacing: 0px;text-decoration: none;\"><img loading=\"lazy\" decoding=\"async\" width=\"26\" height=\"26\" class=\"circle-shape\" src=\"https:\/\/secure.gravatar.com\/avatar\/0acd3d3ff27e2831f2a21a223d5e784c?s=26&d=blank&r=g\"><i class=\"fa-icon-check\"><\/i> <\/a>\n\n\t\t<!-- LAYER NR. 7 -->\n\t\t<div class=\"tp-caption   tp-resizeme  separating\" \n\t\t\t id=\"slide-161621-layer-34\" \n\t\t\t data-x=\"['left','left','left','left']\" data-hoffset=\"['291','0','25','25']\" \n\t\t\t data-y=\"['top','top','top','top']\" data-voffset=\"['190','168','46','56']\" \n\t\t\t\t\t\tdata-fontsize=\"['18','18','21','16']\"\n\t\t\tdata-width=\"['100%','100%','100%','275']\"\n\t\t\tdata-height=\"none\"\n\t\t\tdata-whitespace=\"nowrap\"\n \n\t\t\tdata-type=\"text\" \n\t\t\tdata-responsive_offset=\"on\" \n\n\t\t\tdata-frames='[{\"delay\":-3460.000152587890625,\"speed\":3460,\"frame\":\"0\",\"from\":\"x:[-100%];z:0;rX:0deg;rY:0;rZ:0;sX:1;sY:1;skX:0;skY:0;\",\"mask\":\"x:0px;y:0px;s:inherit;e:inherit;\",\"to\":\"o:1;\",\"ease\":\"Power3.easeInOut\"},{\"delay\":\"+0.000152587890625\",\"speed\":5280,\"frame\":\"999\",\"to\":\"opacity:0;\",\"ease\":\"Power3.easeInOut\"},{\"frame\":\"hover\",\"speed\":\"300\",\"ease\":\"Linear.easeNone\",\"to\":\"o:1;rX:0;rY:0;rZ:0;z:0;\",\"style\":\"c:rgb(255,255,255);br:0px 0px 0px 0px;\"}]'\n\t\t\tdata-textAlign=\"['inherit','inherit','inherit','inherit']\"\n\t\t\tdata-paddingtop=\"[0,0,0,0]\"\n\t\t\tdata-paddingright=\"[0,0,0,0]\"\n\t\t\tdata-paddingbottom=\"[0,0,0,0]\"\n\t\t\tdata-paddingleft=\"[0,0,0,0]\"\n\n\t\t\tstyle=\"z-index: 7; min-width: 100%px; max-width: 100%px; white-space: nowrap; font-size: 18px; line-height: 22px; font-weight: 500; color: #ffffff; letter-spacing: 0px;\"><span style=\"font-size: 16px;\" class=\"cmsmasters_cat_color\"> \n   <a href=\"https:\/\/www.revistasur.cl\/revistasur.cl\/category\/migracion\/\" title=\"View all posts in Migraci\u00f3n\" rel=\"category tag\">Migraci\u00f3n<\/a>\n<\/span>\n<span class=\"date cmsmasters-icon-custom-icon-clock\">\n    27 agosto, 2026\n<\/span>\n<span class=\"comment cmsmasters_theme_icon_comment\"> \n   0\n<\/span>\n <\/div>\n\n\t\t<!-- LAYER NR. 8 -->\n\t\t<a class=\"tp-caption   tp-resizeme\" \n href=\"https:\/\/www.revistasur.cl\/revistasur.cl\/2026\/08\/cual-es-la-funcion-de-los-medios-comunitarios-en-la-sociedad-y-que-retos-tienen-en-el-tiempo\/\" target=\"_blank\"\t\t\t id=\"slide-161621-layer-37\" \n\t\t\t data-x=\"['left','left','left','left']\" data-hoffset=\"['292','0','25','25']\" \n\t\t\t data-y=\"['top','top','top','top']\" data-voffset=\"['230','212','101','128']\" \n\t\t\t\t\t\tdata-fontsize=\"['70','70','53','35']\"\n\t\t\tdata-lineheight=\"['80','80','60','45']\"\n\t\t\tdata-width=\"['900','900','575','286']\"\n\t\t\tdata-height=\"none\"\n\t\t\tdata-whitespace=\"normal\"\n \n\t\t\tdata-type=\"text\" \n\t\t\tdata-actions=''\n\t\t\tdata-responsive_offset=\"on\" \n\n\t\t\tdata-frames='[{\"delay\":-4000.0000762939453125,\"speed\":4000,\"frame\":\"0\",\"from\":\"x:[100%];z:0;rX:0deg;rY:0;rZ:0;sX:1;sY:1;skX:0;skY:0;\",\"mask\":\"x:0px;y:0px;s:inherit;e:inherit;\",\"to\":\"o:1;\",\"ease\":\"Power3.easeInOut\"},{\"delay\":\"+7.62939453125E-5\",\"speed\":8000,\"frame\":\"999\",\"to\":\"opacity:0;\",\"ease\":\"Power3.easeInOut\"},{\"frame\":\"hover\",\"speed\":\"300\",\"ease\":\"Linear.easeNone\",\"to\":\"o:1;rX:0;rY:0;rZ:0;z:0;\",\"style\":\"c:rgba(255,255,255,0.7);br:0px 0px 0px 0px;\"}]'\n\t\t\tdata-textAlign=\"['inherit','inherit','inherit','inherit']\"\n\t\t\tdata-paddingtop=\"[0,0,0,0]\"\n\t\t\tdata-paddingright=\"[0,0,0,0]\"\n\t\t\tdata-paddingbottom=\"[0,0,0,0]\"\n\t\t\tdata-paddingleft=\"[0,0,0,0]\"\n\n\t\t\tstyle=\"z-index: 8; min-width: 900px; max-width: 900px; white-space: normal; font-size: 70px; line-height: 80px; font-weight: 700; color: #ffffff; letter-spacing: 0px;text-decoration: none;\">\u00bfCu\u00e1l es la funci\u00f3n de los medios comunitarios en la sociedad y qu\u00e9 retos tienen en el tiempo? <\/a>\n\t<\/li>\n\t<!-- SLIDE  -->\n\t<li data-index=\"rs-161617\" data-transition=\"parallaxhorizontal\" data-slotamount=\"default\" data-hideafterloop=\"0\" data-hideslideonmobile=\"off\"  data-easein=\"default\" data-easeout=\"default\" data-masterspeed=\"8220\"  data-delay=\"5000\"  data-rotate=\"0\"  data-saveperformance=\"off\"  data-title=\"Cuando la tierra tiembla, tambi\u00e9n se fracturan las condiciones de Bienestar. Terremoto en Venezuela, migraci\u00f3n y bienestar\" data-param1=\"\" data-param2=\"\" data-param3=\"\" data-param4=\"\" data-param5=\"\" data-param6=\"\" data-param7=\"\" data-param8=\"\" data-param9=\"\" data-param10=\"\" data-description=\"Los terremotos que sacudieron el norte de Venezuela el 24 de junio de 2026 no s\u00f3lo removieron el suelo: dejaron al descubierto grietas sociales que ya atravesaban la vida cotidiana. Los dos sismos, de magnitudes 7,2 y 7,5, golpearon zonas al oeste de Caracas. La Organizaci\u00f3n Internacional para las Migraciones (OIM) estim\u00f3 que hasta 6,76 millones de personas pod\u00edan verse afectadas. Detr\u00e1s de cada cifra hay una casa que dej\u00f3 de ser refugio, una familia buscando noticias y alguien pregunt\u00e1ndose d\u00f3nde dormir\u00e1 esa noche.\r\n\">\n\t\t<!-- MAIN IMAGE -->\n\t\t<img loading=\"lazy\" decoding=\"async\" src=\"https:\/\/www.revistasur.cl\/wp-content\/uploads\/2026\/08\/RATT-56.jpg\"  alt=\"\" title=\"RATT 56\"  width=\"580\" height=\"623\" data-bgposition=\"center center\" data-bgfit=\"cover\" data-bgrepeat=\"no-repeat\" class=\"rev-slidebg\" data-no-retina>\n\t\t<!-- LAYERS -->\n\n\t\t<!-- LAYER NR. 9 -->\n\t\t<a class=\"tp-caption   tp-resizeme\" \n href=\"https:\/\/www.revistasur.cl\/revistasur.cl\/author\/paloma-andrea-fuentes-casanova\/\" target=\"_blank\"\t\t\t id=\"slide-161617-layer-28\" \n\t\t\t data-x=\"['left','left','left','left']\" data-hoffset=\"['865','38','65','64']\" \n\t\t\t data-y=\"['top','top','top','top']\" data-voffset=\"['192','412','294','329']\" \n\t\t\t\t\t\tdata-fontsize=\"['16','16','19','19']\"\n\t\t\tdata-width=\"none\"\n\t\t\tdata-height=\"none\"\n\t\t\tdata-whitespace=\"nowrap\"\n \n\t\t\tdata-type=\"text\" \n\t\t\tdata-actions=''\n\t\t\tdata-responsive_offset=\"on\" \n\n\t\t\tdata-frames='[{\"delay\":-2140,\"speed\":2140,\"frame\":\"0\",\"from\":\"opacity:0;\",\"to\":\"o:1;\",\"ease\":\"Power3.easeInOut\"},{\"delay\":\"+-50\",\"speed\":5290,\"frame\":\"999\",\"to\":\"opacity:0;\",\"ease\":\"Power3.easeInOut\"},{\"frame\":\"hover\",\"speed\":\"300\",\"ease\":\"Linear.easeNone\",\"to\":\"o:1;rX:0;rY:0;rZ:0;z:0;\",\"style\":\"c:rgba(255,255,255,0.7);br:0px 0px 0px 0px;\"}]'\n\t\t\tdata-textAlign=\"['inherit','inherit','inherit','inherit']\"\n\t\t\tdata-paddingtop=\"[0,0,0,0]\"\n\t\t\tdata-paddingright=\"[0,0,0,0]\"\n\t\t\tdata-paddingbottom=\"[0,0,0,0]\"\n\t\t\tdata-paddingleft=\"[0,0,0,0]\"\n\n\t\t\tstyle=\"z-index: 5; white-space: nowrap; font-size: 16px; line-height: 22px; font-weight: 400; color: #ffffff; letter-spacing: 0px;letter-spacing:-0.8px;text-decoration: none;\">by Paloma Andrea Fuentes Casanova <\/a>\n\n\t\t<!-- LAYER NR. 10 -->\n\t\t<a class=\"tp-caption   tp-resizeme\" \n href=\"https:\/\/www.revistasur.cl\/revistasur.cl\/author\/paloma-andrea-fuentes-casanova\/\" target=\"_blank\"\t\t\t id=\"slide-161617-layer-32\" \n\t\t\t data-x=\"['left','left','left','left']\" data-hoffset=\"['1127','0','25','26']\" \n\t\t\t data-y=\"['top','top','top','top']\" data-voffset=\"['506','411','292','328']\" \n\t\t\t\t\t\tdata-width=\"none\"\n\t\t\tdata-height=\"none\"\n\t\t\tdata-whitespace=\"nowrap\"\n \n\t\t\tdata-type=\"text\" \n\t\t\tdata-actions=''\n\t\t\tdata-responsive_offset=\"on\" \n\n\t\t\tdata-frames='[{\"delay\":-220,\"speed\":220,\"frame\":\"0\",\"from\":\"opacity:0;\",\"to\":\"o:1;\",\"ease\":\"Power3.easeInOut\"},{\"delay\":\"+-10\",\"speed\":4860,\"frame\":\"999\",\"to\":\"opacity:0;\",\"ease\":\"Power3.easeInOut\"}]'\n\t\t\tdata-textAlign=\"['inherit','inherit','inherit','inherit']\"\n\t\t\tdata-paddingtop=\"[0,0,0,0]\"\n\t\t\tdata-paddingright=\"[0,0,0,0]\"\n\t\t\tdata-paddingbottom=\"[0,0,0,0]\"\n\t\t\tdata-paddingleft=\"[0,0,0,0]\"\n\n\t\t\tstyle=\"z-index: 6; white-space: nowrap; font-size: 20px; line-height: 22px; font-weight: 400; color: #ffffff; letter-spacing: 0px;text-decoration: none;\"><img loading=\"lazy\" decoding=\"async\" width=\"26\" height=\"26\" class=\"circle-shape\" src=\"https:\/\/secure.gravatar.com\/avatar\/628d37f31fccfc8975d07758cde9c4ef?s=26&d=blank&r=g\"><i class=\"fa-icon-check\"><\/i> <\/a>\n\n\t\t<!-- LAYER NR. 11 -->\n\t\t<div class=\"tp-caption   tp-resizeme  separating\" \n\t\t\t id=\"slide-161617-layer-34\" \n\t\t\t data-x=\"['left','left','left','left']\" data-hoffset=\"['291','0','25','25']\" \n\t\t\t data-y=\"['top','top','top','top']\" data-voffset=\"['190','168','46','56']\" \n\t\t\t\t\t\tdata-fontsize=\"['18','18','21','16']\"\n\t\t\tdata-width=\"['100%','100%','100%','275']\"\n\t\t\tdata-height=\"none\"\n\t\t\tdata-whitespace=\"nowrap\"\n \n\t\t\tdata-type=\"text\" \n\t\t\tdata-responsive_offset=\"on\" \n\n\t\t\tdata-frames='[{\"delay\":-3460.000152587890625,\"speed\":3460,\"frame\":\"0\",\"from\":\"x:[-100%];z:0;rX:0deg;rY:0;rZ:0;sX:1;sY:1;skX:0;skY:0;\",\"mask\":\"x:0px;y:0px;s:inherit;e:inherit;\",\"to\":\"o:1;\",\"ease\":\"Power3.easeInOut\"},{\"delay\":\"+0.000152587890625\",\"speed\":5280,\"frame\":\"999\",\"to\":\"opacity:0;\",\"ease\":\"Power3.easeInOut\"},{\"frame\":\"hover\",\"speed\":\"300\",\"ease\":\"Linear.easeNone\",\"to\":\"o:1;rX:0;rY:0;rZ:0;z:0;\",\"style\":\"c:rgb(255,255,255);br:0px 0px 0px 0px;\"}]'\n\t\t\tdata-textAlign=\"['inherit','inherit','inherit','inherit']\"\n\t\t\tdata-paddingtop=\"[0,0,0,0]\"\n\t\t\tdata-paddingright=\"[0,0,0,0]\"\n\t\t\tdata-paddingbottom=\"[0,0,0,0]\"\n\t\t\tdata-paddingleft=\"[0,0,0,0]\"\n\n\t\t\tstyle=\"z-index: 7; min-width: 100%px; max-width: 100%px; white-space: nowrap; font-size: 18px; line-height: 22px; font-weight: 500; color: #ffffff; letter-spacing: 0px;\"><span style=\"font-size: 16px;\" class=\"cmsmasters_cat_color\"> \n   <a href=\"https:\/\/www.revistasur.cl\/revistasur.cl\/category\/columnas\/\" title=\"View all posts in Columnas\" rel=\"category tag\">Columnas<\/a>\n<\/span>\n<span class=\"date cmsmasters-icon-custom-icon-clock\">\n    25 agosto, 2026\n<\/span>\n<span class=\"comment cmsmasters_theme_icon_comment\"> \n   0\n<\/span>\n <\/div>\n\n\t\t<!-- LAYER NR. 12 -->\n\t\t<a class=\"tp-caption   tp-resizeme\" \n href=\"https:\/\/www.revistasur.cl\/revistasur.cl\/2026\/08\/cuando-la-tierra-tiembla-tambien-se-fracturan-las-condiciones-de-bienestar-terremoto-en-venezuela-migracion-y-bienestar\/\" target=\"_blank\"\t\t\t id=\"slide-161617-layer-37\" \n\t\t\t data-x=\"['left','left','left','left']\" data-hoffset=\"['292','0','25','25']\" \n\t\t\t data-y=\"['top','top','top','top']\" data-voffset=\"['230','212','101','128']\" \n\t\t\t\t\t\tdata-fontsize=\"['70','70','53','35']\"\n\t\t\tdata-lineheight=\"['80','80','60','45']\"\n\t\t\tdata-width=\"['900','900','575','286']\"\n\t\t\tdata-height=\"none\"\n\t\t\tdata-whitespace=\"normal\"\n \n\t\t\tdata-type=\"text\" \n\t\t\tdata-actions=''\n\t\t\tdata-responsive_offset=\"on\" \n\n\t\t\tdata-frames='[{\"delay\":-4000.0000762939453125,\"speed\":4000,\"frame\":\"0\",\"from\":\"x:[100%];z:0;rX:0deg;rY:0;rZ:0;sX:1;sY:1;skX:0;skY:0;\",\"mask\":\"x:0px;y:0px;s:inherit;e:inherit;\",\"to\":\"o:1;\",\"ease\":\"Power3.easeInOut\"},{\"delay\":\"+7.62939453125E-5\",\"speed\":8000,\"frame\":\"999\",\"to\":\"opacity:0;\",\"ease\":\"Power3.easeInOut\"},{\"frame\":\"hover\",\"speed\":\"300\",\"ease\":\"Linear.easeNone\",\"to\":\"o:1;rX:0;rY:0;rZ:0;z:0;\",\"style\":\"c:rgba(255,255,255,0.7);br:0px 0px 0px 0px;\"}]'\n\t\t\tdata-textAlign=\"['inherit','inherit','inherit','inherit']\"\n\t\t\tdata-paddingtop=\"[0,0,0,0]\"\n\t\t\tdata-paddingright=\"[0,0,0,0]\"\n\t\t\tdata-paddingbottom=\"[0,0,0,0]\"\n\t\t\tdata-paddingleft=\"[0,0,0,0]\"\n\n\t\t\tstyle=\"z-index: 8; min-width: 900px; max-width: 900px; white-space: normal; font-size: 70px; line-height: 80px; font-weight: 700; color: #ffffff; letter-spacing: 0px;text-decoration: none;\">Cuando la tierra tiembla, tambi\u00e9n se fracturan las condiciones de Bienestar. Terremoto en Venezuela, migraci\u00f3n y bienestar <\/a>\n\t<\/li>\n\t<!-- SLIDE  -->\n\t<li data-index=\"rs-161612\" data-transition=\"parallaxhorizontal\" data-slotamount=\"default\" data-hideafterloop=\"0\" data-hideslideonmobile=\"off\"  data-easein=\"default\" data-easeout=\"default\" data-masterspeed=\"8220\"  data-delay=\"5000\"  data-rotate=\"0\"  data-saveperformance=\"off\"  data-title=\"Hipersexualizaci\u00f3n de los cuerpos Migrantes: \u201cUn acento no es una invitaci\u00f3n\u201d\" data-param1=\"\" data-param2=\"\" data-param3=\"\" data-param4=\"\" data-param5=\"\" data-param6=\"\" data-param7=\"\" data-param8=\"\" data-param9=\"\" data-param10=\"\" data-description=\"Hay frases que en Chile todav\u00eda se pronuncian entre risas, como si fueran bromas inocentes: \u201cLas venezolanas son todas bonitas\u201d, \u201clas colombianas tienen otro cuerpo\u201d, \u201clas caribe\u00f1as son m\u00e1s ardientes\u201d, \u201clas extranjeras son m\u00e1s cari\u00f1osas\u201d o \u201cseguro que vino a buscar marido\u201d. Quienes las dicen pueden llamarlas halagos. Yo no puedo escucharlas as\u00ed. En ellas oigo una forma de clasificar a las mujeres por su nacionalidad, su color de piel, su acento y su posici\u00f3n social; una manera de convertir una historia de vida en un cuerpo disponible para la mirada y el deseo ajenos.\r\n\">\n\t\t<!-- MAIN IMAGE -->\n\t\t<img loading=\"lazy\" decoding=\"async\" src=\"https:\/\/www.revistasur.cl\/wp-content\/uploads\/2026\/08\/RATT-55.jpg\"  alt=\"\" title=\"RATT 55\"  width=\"665\" height=\"587\" data-bgposition=\"center center\" data-bgfit=\"cover\" data-bgrepeat=\"no-repeat\" class=\"rev-slidebg\" data-no-retina>\n\t\t<!-- LAYERS -->\n\n\t\t<!-- LAYER NR. 13 -->\n\t\t<a class=\"tp-caption   tp-resizeme\" \n href=\"https:\/\/www.revistasur.cl\/revistasur.cl\/author\/paloma-andrea-fuentes-casanova\/\" target=\"_blank\"\t\t\t id=\"slide-161612-layer-28\" \n\t\t\t data-x=\"['left','left','left','left']\" data-hoffset=\"['865','38','65','64']\" \n\t\t\t data-y=\"['top','top','top','top']\" data-voffset=\"['192','412','294','329']\" \n\t\t\t\t\t\tdata-fontsize=\"['16','16','19','19']\"\n\t\t\tdata-width=\"none\"\n\t\t\tdata-height=\"none\"\n\t\t\tdata-whitespace=\"nowrap\"\n \n\t\t\tdata-type=\"text\" \n\t\t\tdata-actions=''\n\t\t\tdata-responsive_offset=\"on\" \n\n\t\t\tdata-frames='[{\"delay\":-2140,\"speed\":2140,\"frame\":\"0\",\"from\":\"opacity:0;\",\"to\":\"o:1;\",\"ease\":\"Power3.easeInOut\"},{\"delay\":\"+-50\",\"speed\":5290,\"frame\":\"999\",\"to\":\"opacity:0;\",\"ease\":\"Power3.easeInOut\"},{\"frame\":\"hover\",\"speed\":\"300\",\"ease\":\"Linear.easeNone\",\"to\":\"o:1;rX:0;rY:0;rZ:0;z:0;\",\"style\":\"c:rgba(255,255,255,0.7);br:0px 0px 0px 0px;\"}]'\n\t\t\tdata-textAlign=\"['inherit','inherit','inherit','inherit']\"\n\t\t\tdata-paddingtop=\"[0,0,0,0]\"\n\t\t\tdata-paddingright=\"[0,0,0,0]\"\n\t\t\tdata-paddingbottom=\"[0,0,0,0]\"\n\t\t\tdata-paddingleft=\"[0,0,0,0]\"\n\n\t\t\tstyle=\"z-index: 5; white-space: nowrap; font-size: 16px; line-height: 22px; font-weight: 400; color: #ffffff; letter-spacing: 0px;letter-spacing:-0.8px;text-decoration: none;\">by Paloma Andrea Fuentes Casanova <\/a>\n\n\t\t<!-- LAYER NR. 14 -->\n\t\t<a class=\"tp-caption   tp-resizeme\" \n href=\"https:\/\/www.revistasur.cl\/revistasur.cl\/author\/paloma-andrea-fuentes-casanova\/\" target=\"_blank\"\t\t\t id=\"slide-161612-layer-32\" \n\t\t\t data-x=\"['left','left','left','left']\" data-hoffset=\"['1127','0','25','26']\" \n\t\t\t data-y=\"['top','top','top','top']\" data-voffset=\"['506','411','292','328']\" \n\t\t\t\t\t\tdata-width=\"none\"\n\t\t\tdata-height=\"none\"\n\t\t\tdata-whitespace=\"nowrap\"\n \n\t\t\tdata-type=\"text\" \n\t\t\tdata-actions=''\n\t\t\tdata-responsive_offset=\"on\" \n\n\t\t\tdata-frames='[{\"delay\":-220,\"speed\":220,\"frame\":\"0\",\"from\":\"opacity:0;\",\"to\":\"o:1;\",\"ease\":\"Power3.easeInOut\"},{\"delay\":\"+-10\",\"speed\":4860,\"frame\":\"999\",\"to\":\"opacity:0;\",\"ease\":\"Power3.easeInOut\"}]'\n\t\t\tdata-textAlign=\"['inherit','inherit','inherit','inherit']\"\n\t\t\tdata-paddingtop=\"[0,0,0,0]\"\n\t\t\tdata-paddingright=\"[0,0,0,0]\"\n\t\t\tdata-paddingbottom=\"[0,0,0,0]\"\n\t\t\tdata-paddingleft=\"[0,0,0,0]\"\n\n\t\t\tstyle=\"z-index: 6; white-space: nowrap; font-size: 20px; line-height: 22px; font-weight: 400; color: #ffffff; letter-spacing: 0px;text-decoration: none;\"><img loading=\"lazy\" decoding=\"async\" width=\"26\" height=\"26\" class=\"circle-shape\" src=\"https:\/\/secure.gravatar.com\/avatar\/628d37f31fccfc8975d07758cde9c4ef?s=26&d=blank&r=g\"><i class=\"fa-icon-check\"><\/i> <\/a>\n\n\t\t<!-- LAYER NR. 15 -->\n\t\t<div class=\"tp-caption   tp-resizeme  separating\" \n\t\t\t id=\"slide-161612-layer-34\" \n\t\t\t data-x=\"['left','left','left','left']\" data-hoffset=\"['291','0','25','25']\" \n\t\t\t data-y=\"['top','top','top','top']\" data-voffset=\"['190','168','46','56']\" \n\t\t\t\t\t\tdata-fontsize=\"['18','18','21','16']\"\n\t\t\tdata-width=\"['100%','100%','100%','275']\"\n\t\t\tdata-height=\"none\"\n\t\t\tdata-whitespace=\"nowrap\"\n \n\t\t\tdata-type=\"text\" \n\t\t\tdata-responsive_offset=\"on\" \n\n\t\t\tdata-frames='[{\"delay\":-3460.000152587890625,\"speed\":3460,\"frame\":\"0\",\"from\":\"x:[-100%];z:0;rX:0deg;rY:0;rZ:0;sX:1;sY:1;skX:0;skY:0;\",\"mask\":\"x:0px;y:0px;s:inherit;e:inherit;\",\"to\":\"o:1;\",\"ease\":\"Power3.easeInOut\"},{\"delay\":\"+0.000152587890625\",\"speed\":5280,\"frame\":\"999\",\"to\":\"opacity:0;\",\"ease\":\"Power3.easeInOut\"},{\"frame\":\"hover\",\"speed\":\"300\",\"ease\":\"Linear.easeNone\",\"to\":\"o:1;rX:0;rY:0;rZ:0;z:0;\",\"style\":\"c:rgb(255,255,255);br:0px 0px 0px 0px;\"}]'\n\t\t\tdata-textAlign=\"['inherit','inherit','inherit','inherit']\"\n\t\t\tdata-paddingtop=\"[0,0,0,0]\"\n\t\t\tdata-paddingright=\"[0,0,0,0]\"\n\t\t\tdata-paddingbottom=\"[0,0,0,0]\"\n\t\t\tdata-paddingleft=\"[0,0,0,0]\"\n\n\t\t\tstyle=\"z-index: 7; min-width: 100%px; max-width: 100%px; white-space: nowrap; font-size: 18px; line-height: 22px; font-weight: 500; color: #ffffff; letter-spacing: 0px;\"><span style=\"font-size: 16px;\" class=\"cmsmasters_cat_color\"> \n   <a href=\"https:\/\/www.revistasur.cl\/revistasur.cl\/category\/columnas\/\" title=\"View all posts in Columnas\" rel=\"category tag\">Columnas<\/a>\n<\/span>\n<span class=\"date cmsmasters-icon-custom-icon-clock\">\n    24 agosto, 2026\n<\/span>\n<span class=\"comment cmsmasters_theme_icon_comment\"> \n   0\n<\/span>\n <\/div>\n\n\t\t<!-- LAYER NR. 16 -->\n\t\t<a class=\"tp-caption   tp-resizeme\" \n href=\"https:\/\/www.revistasur.cl\/revistasur.cl\/2026\/08\/hipersexualizacion-de-los-cuerpos-migrantes-un-acento-no-es-una-invitacion\/\" target=\"_blank\"\t\t\t id=\"slide-161612-layer-37\" \n\t\t\t data-x=\"['left','left','left','left']\" data-hoffset=\"['292','0','25','25']\" \n\t\t\t data-y=\"['top','top','top','top']\" data-voffset=\"['230','212','101','128']\" \n\t\t\t\t\t\tdata-fontsize=\"['70','70','53','35']\"\n\t\t\tdata-lineheight=\"['80','80','60','45']\"\n\t\t\tdata-width=\"['900','900','575','286']\"\n\t\t\tdata-height=\"none\"\n\t\t\tdata-whitespace=\"normal\"\n \n\t\t\tdata-type=\"text\" \n\t\t\tdata-actions=''\n\t\t\tdata-responsive_offset=\"on\" \n\n\t\t\tdata-frames='[{\"delay\":-4000.0000762939453125,\"speed\":4000,\"frame\":\"0\",\"from\":\"x:[100%];z:0;rX:0deg;rY:0;rZ:0;sX:1;sY:1;skX:0;skY:0;\",\"mask\":\"x:0px;y:0px;s:inherit;e:inherit;\",\"to\":\"o:1;\",\"ease\":\"Power3.easeInOut\"},{\"delay\":\"+7.62939453125E-5\",\"speed\":8000,\"frame\":\"999\",\"to\":\"opacity:0;\",\"ease\":\"Power3.easeInOut\"},{\"frame\":\"hover\",\"speed\":\"300\",\"ease\":\"Linear.easeNone\",\"to\":\"o:1;rX:0;rY:0;rZ:0;z:0;\",\"style\":\"c:rgba(255,255,255,0.7);br:0px 0px 0px 0px;\"}]'\n\t\t\tdata-textAlign=\"['inherit','inherit','inherit','inherit']\"\n\t\t\tdata-paddingtop=\"[0,0,0,0]\"\n\t\t\tdata-paddingright=\"[0,0,0,0]\"\n\t\t\tdata-paddingbottom=\"[0,0,0,0]\"\n\t\t\tdata-paddingleft=\"[0,0,0,0]\"\n\n\t\t\tstyle=\"z-index: 8; min-width: 900px; max-width: 900px; white-space: normal; font-size: 70px; line-height: 80px; font-weight: 700; color: #ffffff; letter-spacing: 0px;text-decoration: none;\">Hipersexualizaci\u00f3n de los cuerpos Migrantes: \u201cUn acento no es una invitaci\u00f3n\u201d <\/a>\n\t<\/li>\n\t<!-- SLIDE  -->\n\t<li data-index=\"rs-161609\" data-transition=\"parallaxhorizontal\" data-slotamount=\"default\" data-hideafterloop=\"0\" data-hideslideonmobile=\"off\"  data-easein=\"default\" data-easeout=\"default\" data-masterspeed=\"8220\"  data-delay=\"5000\"  data-rotate=\"0\"  data-saveperformance=\"off\"  data-title=\"Conversatorio expuso que faltan espacios de participaci\u00f3n para las comunidades migrantes en la construcci\u00f3n de pol\u00edticas p\u00fablicas\" data-param1=\"\" data-param2=\"\" data-param3=\"\" data-param4=\"\" data-param5=\"\" data-param6=\"\" data-param7=\"\" data-param8=\"\" data-param9=\"\" data-param10=\"\" data-description=\"El di\u00e1logo organizado por la Red de Periodistas Migrantes cont\u00f3 con la participaci\u00f3n de Lorena Fries (diputada de la Rep\u00fablica de Chile), Lorena Oyarz\u00fan (directora de la Escuela de Gobierno de la Universidad de Chile), Vanessa Gonz\u00e1lez (directora de Organizaci\u00f3n Migrantas) y Maximiliano Mendoza (director general de Refugio Latinoamericano), y permiti\u00f3 reflexionar sobre la movilidad humana y agenda p\u00fablica.\u00a0\">\n\t\t<!-- MAIN IMAGE -->\n\t\t<img loading=\"lazy\" decoding=\"async\" src=\"https:\/\/www.revistasur.cl\/wp-content\/uploads\/2026\/08\/IMG_5818-scaled.jpg\"  alt=\"\" title=\"IMG_5818\"  width=\"2560\" height=\"1707\" data-bgposition=\"center center\" data-bgfit=\"cover\" data-bgrepeat=\"no-repeat\" class=\"rev-slidebg\" data-no-retina>\n\t\t<!-- LAYERS -->\n\n\t\t<!-- LAYER NR. 17 -->\n\t\t<a class=\"tp-caption   tp-resizeme\" \n href=\"https:\/\/www.revistasur.cl\/revistasur.cl\/author\/revistasur\/\" target=\"_blank\"\t\t\t id=\"slide-161609-layer-28\" \n\t\t\t data-x=\"['left','left','left','left']\" data-hoffset=\"['865','38','65','64']\" \n\t\t\t data-y=\"['top','top','top','top']\" data-voffset=\"['192','412','294','329']\" \n\t\t\t\t\t\tdata-fontsize=\"['16','16','19','19']\"\n\t\t\tdata-width=\"none\"\n\t\t\tdata-height=\"none\"\n\t\t\tdata-whitespace=\"nowrap\"\n \n\t\t\tdata-type=\"text\" \n\t\t\tdata-actions=''\n\t\t\tdata-responsive_offset=\"on\" \n\n\t\t\tdata-frames='[{\"delay\":-2140,\"speed\":2140,\"frame\":\"0\",\"from\":\"opacity:0;\",\"to\":\"o:1;\",\"ease\":\"Power3.easeInOut\"},{\"delay\":\"+-50\",\"speed\":5290,\"frame\":\"999\",\"to\":\"opacity:0;\",\"ease\":\"Power3.easeInOut\"},{\"frame\":\"hover\",\"speed\":\"300\",\"ease\":\"Linear.easeNone\",\"to\":\"o:1;rX:0;rY:0;rZ:0;z:0;\",\"style\":\"c:rgba(255,255,255,0.7);br:0px 0px 0px 0px;\"}]'\n\t\t\tdata-textAlign=\"['inherit','inherit','inherit','inherit']\"\n\t\t\tdata-paddingtop=\"[0,0,0,0]\"\n\t\t\tdata-paddingright=\"[0,0,0,0]\"\n\t\t\tdata-paddingbottom=\"[0,0,0,0]\"\n\t\t\tdata-paddingleft=\"[0,0,0,0]\"\n\n\t\t\tstyle=\"z-index: 5; white-space: nowrap; font-size: 16px; line-height: 22px; font-weight: 400; color: #ffffff; letter-spacing: 0px;letter-spacing:-0.8px;text-decoration: none;\">by Revista Sur <\/a>\n\n\t\t<!-- LAYER NR. 18 -->\n\t\t<a class=\"tp-caption   tp-resizeme\" \n href=\"https:\/\/www.revistasur.cl\/revistasur.cl\/author\/revistasur\/\" target=\"_blank\"\t\t\t id=\"slide-161609-layer-32\" \n\t\t\t data-x=\"['left','left','left','left']\" data-hoffset=\"['1127','0','25','26']\" \n\t\t\t data-y=\"['top','top','top','top']\" data-voffset=\"['506','411','292','328']\" \n\t\t\t\t\t\tdata-width=\"none\"\n\t\t\tdata-height=\"none\"\n\t\t\tdata-whitespace=\"nowrap\"\n \n\t\t\tdata-type=\"text\" \n\t\t\tdata-actions=''\n\t\t\tdata-responsive_offset=\"on\" \n\n\t\t\tdata-frames='[{\"delay\":-220,\"speed\":220,\"frame\":\"0\",\"from\":\"opacity:0;\",\"to\":\"o:1;\",\"ease\":\"Power3.easeInOut\"},{\"delay\":\"+-10\",\"speed\":4860,\"frame\":\"999\",\"to\":\"opacity:0;\",\"ease\":\"Power3.easeInOut\"}]'\n\t\t\tdata-textAlign=\"['inherit','inherit','inherit','inherit']\"\n\t\t\tdata-paddingtop=\"[0,0,0,0]\"\n\t\t\tdata-paddingright=\"[0,0,0,0]\"\n\t\t\tdata-paddingbottom=\"[0,0,0,0]\"\n\t\t\tdata-paddingleft=\"[0,0,0,0]\"\n\n\t\t\tstyle=\"z-index: 6; white-space: nowrap; font-size: 20px; line-height: 22px; font-weight: 400; color: #ffffff; letter-spacing: 0px;text-decoration: none;\"><img loading=\"lazy\" decoding=\"async\" width=\"26\" height=\"26\" class=\"circle-shape\" src=\"https:\/\/secure.gravatar.com\/avatar\/1e64393bf6e13505b4943d190cfa507f?s=26&d=blank&r=g\"><i class=\"fa-icon-check\"><\/i> <\/a>\n\n\t\t<!-- LAYER NR. 19 -->\n\t\t<div class=\"tp-caption   tp-resizeme  separating\" \n\t\t\t id=\"slide-161609-layer-34\" \n\t\t\t data-x=\"['left','left','left','left']\" data-hoffset=\"['291','0','25','25']\" \n\t\t\t data-y=\"['top','top','top','top']\" data-voffset=\"['190','168','46','56']\" \n\t\t\t\t\t\tdata-fontsize=\"['18','18','21','16']\"\n\t\t\tdata-width=\"['100%','100%','100%','275']\"\n\t\t\tdata-height=\"none\"\n\t\t\tdata-whitespace=\"nowrap\"\n \n\t\t\tdata-type=\"text\" \n\t\t\tdata-responsive_offset=\"on\" \n\n\t\t\tdata-frames='[{\"delay\":-3460.000152587890625,\"speed\":3460,\"frame\":\"0\",\"from\":\"x:[-100%];z:0;rX:0deg;rY:0;rZ:0;sX:1;sY:1;skX:0;skY:0;\",\"mask\":\"x:0px;y:0px;s:inherit;e:inherit;\",\"to\":\"o:1;\",\"ease\":\"Power3.easeInOut\"},{\"delay\":\"+0.000152587890625\",\"speed\":5280,\"frame\":\"999\",\"to\":\"opacity:0;\",\"ease\":\"Power3.easeInOut\"},{\"frame\":\"hover\",\"speed\":\"300\",\"ease\":\"Linear.easeNone\",\"to\":\"o:1;rX:0;rY:0;rZ:0;z:0;\",\"style\":\"c:rgb(255,255,255);br:0px 0px 0px 0px;\"}]'\n\t\t\tdata-textAlign=\"['inherit','inherit','inherit','inherit']\"\n\t\t\tdata-paddingtop=\"[0,0,0,0]\"\n\t\t\tdata-paddingright=\"[0,0,0,0]\"\n\t\t\tdata-paddingbottom=\"[0,0,0,0]\"\n\t\t\tdata-paddingleft=\"[0,0,0,0]\"\n\n\t\t\tstyle=\"z-index: 7; min-width: 100%px; max-width: 100%px; white-space: nowrap; font-size: 18px; line-height: 22px; font-weight: 500; color: #ffffff; letter-spacing: 0px;\"><span style=\"font-size: 16px;\" class=\"cmsmasters_cat_color\"> \n   <a href=\"https:\/\/www.revistasur.cl\/revistasur.cl\/category\/migracion\/\" title=\"View all posts in Migraci\u00f3n\" rel=\"category tag\">Migraci\u00f3n<\/a>\n<\/span>\n<span class=\"date cmsmasters-icon-custom-icon-clock\">\n    24 agosto, 2026\n<\/span>\n<span class=\"comment cmsmasters_theme_icon_comment\"> \n   0\n<\/span>\n <\/div>\n\n\t\t<!-- LAYER NR. 20 -->\n\t\t<a class=\"tp-caption   tp-resizeme\" \n href=\"https:\/\/www.revistasur.cl\/revistasur.cl\/2026\/08\/conversatorio-expuso-que-faltan-espacios-de-participacion-para-las-comunidades-migrantes-en-la-construccion-de-politicas-publicas\/\" target=\"_blank\"\t\t\t id=\"slide-161609-layer-37\" \n\t\t\t data-x=\"['left','left','left','left']\" data-hoffset=\"['292','0','25','25']\" \n\t\t\t data-y=\"['top','top','top','top']\" data-voffset=\"['230','212','101','128']\" \n\t\t\t\t\t\tdata-fontsize=\"['70','70','53','35']\"\n\t\t\tdata-lineheight=\"['80','80','60','45']\"\n\t\t\tdata-width=\"['900','900','575','286']\"\n\t\t\tdata-height=\"none\"\n\t\t\tdata-whitespace=\"normal\"\n \n\t\t\tdata-type=\"text\" \n\t\t\tdata-actions=''\n\t\t\tdata-responsive_offset=\"on\" \n\n\t\t\tdata-frames='[{\"delay\":-4000.0000762939453125,\"speed\":4000,\"frame\":\"0\",\"from\":\"x:[100%];z:0;rX:0deg;rY:0;rZ:0;sX:1;sY:1;skX:0;skY:0;\",\"mask\":\"x:0px;y:0px;s:inherit;e:inherit;\",\"to\":\"o:1;\",\"ease\":\"Power3.easeInOut\"},{\"delay\":\"+7.62939453125E-5\",\"speed\":8000,\"frame\":\"999\",\"to\":\"opacity:0;\",\"ease\":\"Power3.easeInOut\"},{\"frame\":\"hover\",\"speed\":\"300\",\"ease\":\"Linear.easeNone\",\"to\":\"o:1;rX:0;rY:0;rZ:0;z:0;\",\"style\":\"c:rgba(255,255,255,0.7);br:0px 0px 0px 0px;\"}]'\n\t\t\tdata-textAlign=\"['inherit','inherit','inherit','inherit']\"\n\t\t\tdata-paddingtop=\"[0,0,0,0]\"\n\t\t\tdata-paddingright=\"[0,0,0,0]\"\n\t\t\tdata-paddingbottom=\"[0,0,0,0]\"\n\t\t\tdata-paddingleft=\"[0,0,0,0]\"\n\n\t\t\tstyle=\"z-index: 8; min-width: 900px; max-width: 900px; white-space: normal; font-size: 70px; line-height: 80px; font-weight: 700; color: #ffffff; letter-spacing: 0px;text-decoration: none;\">Conversatorio expuso que faltan espacios de participaci\u00f3n para las comunidades migrantes en la construcci\u00f3n de pol\u00edticas p\u00fablicas <\/a>\n\t<\/li>\n<\/ul>\n<div class=\"tp-bannertimer tp-bottom\" style=\"visibility: hidden !important;\"><\/div>\t<\/div>\n<script>var htmlDiv = document.getElementById(\"rs-plugin-settings-inline-css\"); var htmlDivCss=\"\";\r\n\t\t\t\tif(htmlDiv) {\r\n\t\t\t\t\thtmlDiv.innerHTML = htmlDiv.innerHTML + htmlDivCss;\r\n\t\t\t\t}else{\r\n\t\t\t\t\tvar htmlDiv = document.createElement(\"div\");\r\n\t\t\t\t\thtmlDiv.innerHTML = \"<style>\" + htmlDivCss + \"<\/style>\";\r\n\t\t\t\t\tdocument.getElementsByTagName(\"head\")[0].appendChild(htmlDiv.childNodes[0]);\r\n\t\t\t\t}\r\n\t\t\t<\/script>\n\t\t<script type=\"text\/javascript\">\r\nif (setREVStartSize!==undefined) setREVStartSize(\r\n\t{c: '#rev_slider_1_1', responsiveLevels: [1240,1024,778,480], gridwidth: [1320,940,768,320], gridheight: [600,500,400,428], sliderLayout: 'auto'});\r\n\t\t\t\r\nvar revapi1,\r\n\ttpj;\t\r\n(function() {\t\t\t\r\n\tif (!\/loaded|interactive|complete\/.test(document.readyState)) document.addEventListener(\"DOMContentLoaded\",onLoad); else onLoad();\t\r\n\tfunction onLoad() {\t\t\t\t\r\n\t\tif (tpj===undefined) { tpj = jQuery; if(\"off\" == \"on\") tpj.noConflict();}\r\n\tif(tpj(\"#rev_slider_1_1\").revolution == undefined){\n\t\trevslider_showDoubleJqueryError(\"#rev_slider_1_1\");\n\t}else{\n\t\trevapi1 = tpj(\"#rev_slider_1_1\").show().revolution({\n\t\t\tsliderType:\"carousel\",\n\t\t\tjsFileLocation:\"\/\/www.revistasur.cl\/wp-content\/plugins\/revslider\/public\/assets\/js\/\",\n\t\t\tsliderLayout:\"auto\",\n\t\t\tdottedOverlay:\"none\",\n\t\t\tdelay:9000,\n\t\t\tnavigation: {\n\t\t\t\tkeyboardNavigation:\"on\",\n\t\t\t\tkeyboard_direction: \"horizontal\",\n\t\t\t\tmouseScrollNavigation:\"off\",\n \t\t\t\t\t\t\tmouseScrollReverse:\"default\",\n\t\t\t\tonHoverStop:\"off\",\n\t\t\t\ttouch:{\n\t\t\t\t\ttouchenabled:\"on\",\n\t\t\t\t\ttouchOnDesktop:\"on\",\n\t\t\t\t\tswipe_threshold: 75,\n\t\t\t\t\tswipe_min_touches: 1,\n\t\t\t\t\tswipe_direction: \"horizontal\",\n\t\t\t\t\tdrag_block_vertical: false\n\t\t\t\t}\n\t\t\t},\n\t\t\tcarousel: {\n\t\t\t\thorizontal_align: \"center\",\n\t\t\t\tvertical_align: \"center\",\n\t\t\t\tfadeout: \"on\",\n\t\t\t\tvary_fade: \"off\",\n\t\t\t\tmaxVisibleItems: 3,\n\t\t\t\tinfinity: \"off\",\n\t\t\t\tspace: 0,\n\t\t\t\tstretch: \"off\",\n \t\t\t\t\t\t\tshowLayersAllTime: \"off\",\n \t\t\t\t\t\t\teasing: \"Power3.easeInOut\",\n \t\t\t\t\t\t\tspeed: \"2800\"\n\t\t\t},\n\t\t\tresponsiveLevels:[1240,1024,778,480],\n\t\t\tvisibilityLevels:[1240,1024,778,480],\n\t\t\tgridwidth:[1320,940,768,320],\n\t\t\tgridheight:[600,500,400,428],\n\t\t\tlazyType:\"none\",\n\t\t\tshadow:0,\n\t\t\tspinner:\"spinner0\",\n\t\t\tstopLoop:\"off\",\n\t\t\tstopAfterLoops:-1,\n\t\t\tstopAtSlide:-1,\n\t\t\tshuffle:\"off\",\n\t\t\tautoHeight:\"off\",\n\t\t\tdisableProgressBar:\"on\",\n\t\t\thideThumbsOnMobile:\"off\",\n\t\t\thideSliderAtLimit:0,\n\t\t\thideCaptionAtLimit:1601,\n\t\t\thideAllCaptionAtLilmit:0,\n\t\t\tdebugMode:false,\n\t\t\tfallbacks: {\n\t\t\t\tsimplifyAll:\"off\",\n\t\t\t\tnextSlideOnWindowFocus:\"off\",\n\t\t\t\tdisableFocusListener:false,\n\t\t\t}\n\t\t});\n\t}; \/* END OF revapi call *\/\n\t\n }; \/* END OF ON LOAD FUNCTION *\/\r\n}()); \/* END OF WRAPPING FUNCTION *\/\r\n<\/script>\r\n\t\t<\/div><!-- END REVOLUTION SLIDER --><\/div>\n<\/div><\/div>\n<\/div>\n<\/div>\n<\/div>\n<\/div>\n<\/div>\n<div id=\"cmsmasters_row_ggvues2vm\" class=\"cmsmasters_row cmsmasters_color_scheme_second cmsmasters_row_top_default cmsmasters_row_bot_default cmsmasters_row_boxed\">\n<div class=\"cmsmasters_row_outer_parent\">\n<div class=\"cmsmasters_row_outer\">\n<div class=\"cmsmasters_row_inner\">\n<div class=\"cmsmasters_row_margin\">\n<div id=\"cmsmasters_column_3nvddykey\" class=\"cmsmasters_column one_first\">\n<div class=\"cmsmasters_column_inner\"><div id=\"cmsmasters_heading_eqb42zx9dk\" class=\"cmsmasters_heading_wrap cmsmasters_heading_align_left\">\n\t<h2 class=\"cmsmasters_heading\">Chile a Todo Color<\/h2>\n<\/div>\n<div class=\"cmsmasters_posts_slider cmsmasters_slide_nav  cmsmasters_slide_post  cmsmasters_control  posts_slider_wrap\" >\r\n\t\t<div id=\"cmsmasters_slider_3v03zuxmu\" class=\"cmsmasters_owl_slider owl-carousel\" data-items=\"4\" data-pagination=\"false\" data-navigation=\"true\" data-single-item=\"false\" data-auto-play=\"5000\"><div class=\"cmsmasters_owl_slider_item\"><!-- Start Posts Slider Post Article  -->\r\n<article id=\"post-160285\" class=\"cmsmasters_slider_post post-160285 post type-post status-publish format-standard has-post-thumbnail hentry category-chile-a-todo-color tag-derechos-humanos tag-derechos-migrantes tag-migracion\">\r\n\t<div class=\"cmsmasters_slider_post_outer\">\r\n\t<div class=\"cmsmasters_slider_post_img_wrap\"><figure class=\"cmsmasters_img_rollover_wrap preloader\"><img loading=\"lazy\" decoding=\"async\" width=\"580\" height=\"400\" src=\"https:\/\/www.revistasur.cl\/wp-content\/uploads\/2024\/12\/Copia-de-Overlay-de-Twitch-Videojuegos-Grunge-Azul-Oscuro-Cian-Amarillo-Neon-1-580x400.jpg\" class=\"full-width wp-post-image\" alt=\"Migraci\u00f3n 2024: Balance, Desaf\u00edos y Esperanzas\" title=\"Migraci\u00f3n 2024: Balance, Desaf\u00edos y Esperanzas\" \/><div class=\"cmsmasters_img_rollover\"><a href=\"https:\/\/www.revistasur.cl\/revistasur.cl\/2024\/12\/migracion-2024-balance-desafios-y-esperanzas\/\" title=\"Migraci\u00f3n 2024: Balance, Desaf\u00edos y Esperanzas\" class=\"cmsmasters_open_link\"><\/a><\/div><\/figure><span class=\"cmsmasters_slider_post_category\"><a href=\"https:\/\/www.revistasur.cl\/revistasur.cl\/category\/programas-de-radio\/chile-a-todo-color\/\" class=\"cmsmasters_cat_color cmsmasters_cat_345\" rel=\"category tag\">Chile a Todo Color<\/a><\/span><\/div><div class=\"cmsmasters_slider_post_inner\"><span class=\"cmsmasters_slider_post_date cmsmasters-icon-custom-icon-clock\"><abbr class=\"published\" title=\"20 diciembre, 2024\">20 diciembre, 2024<\/abbr><abbr class=\"dn date updated\" title=\"20 diciembre, 2024\">20 diciembre, 2024<\/abbr><\/span><header class=\"cmsmasters_slider_post_header entry-header\"><h4 class=\"cmsmasters_slider_post_title entry-title\"><a title=\"Migraci\u00f3n 2024: Balance, Desaf\u00edos y Esperanzas\" href=\"https:\/\/www.revistasur.cl\/revistasur.cl\/2024\/12\/migracion-2024-balance-desafios-y-esperanzas\/\">Migraci\u00f3n 2024: Balance, Desaf\u00edos y Esperanzas<\/a><\/h4><\/header><\/div>\t<\/div>\r\n<\/article>\r\n<!-- Finish Posts Slider Post Article  -->\r\n\r\n<\/div><div class=\"cmsmasters_owl_slider_item\"><!-- Start Posts Slider Post Article  -->\r\n<article id=\"post-160253\" class=\"cmsmasters_slider_post post-160253 post type-post status-publish format-standard has-post-thumbnail hentry category-chile-a-todo-color tag-migracion tag-refugio tag-semana-de-las-culturas\">\r\n\t<div class=\"cmsmasters_slider_post_outer\">\r\n\t<div class=\"cmsmasters_slider_post_img_wrap\"><figure class=\"cmsmasters_img_rollover_wrap preloader\"><img loading=\"lazy\" decoding=\"async\" width=\"580\" height=\"400\" src=\"https:\/\/www.revistasur.cl\/wp-content\/uploads\/2024\/12\/Copia-de-Overlay-de-Twitch-Videojuegos-Grunge-Azul-Oscuro-Cian-Amarillo-Neon-580x400.jpg\" class=\"full-width wp-post-image\" alt=\"Semana de las Culturas\" title=\"Semana de las Culturas\" \/><div class=\"cmsmasters_img_rollover\"><a href=\"https:\/\/www.revistasur.cl\/revistasur.cl\/2024\/12\/semana-de-las-culturas-2\/\" title=\"Semana de las Culturas\" class=\"cmsmasters_open_link\"><\/a><\/div><\/figure><span class=\"cmsmasters_slider_post_category\"><a href=\"https:\/\/www.revistasur.cl\/revistasur.cl\/category\/programas-de-radio\/chile-a-todo-color\/\" class=\"cmsmasters_cat_color cmsmasters_cat_345\" rel=\"category tag\">Chile a Todo Color<\/a><\/span><\/div><div class=\"cmsmasters_slider_post_inner\"><span class=\"cmsmasters_slider_post_date cmsmasters-icon-custom-icon-clock\"><abbr class=\"published\" title=\"4 diciembre, 2024\">4 diciembre, 2024<\/abbr><abbr class=\"dn date updated\" title=\"4 diciembre, 2024\">4 diciembre, 2024<\/abbr><\/span><header class=\"cmsmasters_slider_post_header entry-header\"><h4 class=\"cmsmasters_slider_post_title entry-title\"><a title=\"Semana de las Culturas\" href=\"https:\/\/www.revistasur.cl\/revistasur.cl\/2024\/12\/semana-de-las-culturas-2\/\">Semana de las Culturas<\/a><\/h4><\/header><\/div>\t<\/div>\r\n<\/article>\r\n<!-- Finish Posts Slider Post Article  -->\r\n\r\n<\/div><div class=\"cmsmasters_owl_slider_item\"><!-- Start Posts Slider Post Article  -->\r\n<article id=\"post-160244\" class=\"cmsmasters_slider_post post-160244 post type-post status-publish format-standard has-post-thumbnail hentry category-chile-a-todo-color tag-derechos-migrantes tag-ley-de-migracion tag-migracion\">\r\n\t<div class=\"cmsmasters_slider_post_outer\">\r\n\t<div class=\"cmsmasters_slider_post_img_wrap\"><figure class=\"cmsmasters_img_rollover_wrap preloader\"><img loading=\"lazy\" decoding=\"async\" width=\"580\" height=\"400\" src=\"https:\/\/www.revistasur.cl\/wp-content\/uploads\/2024\/11\/Copia-de-Overlay-de-Twitch-Videojuegos-Grunge-Azul-Oscuro-Cian-Amarillo-Neon-580x400.jpg\" class=\"full-width wp-post-image\" alt=\"Las Voces Migrantes sobre el controversial proyecto de ley miscel\u00e1neo\" title=\"Las Voces Migrantes sobre el controversial proyecto de ley miscel\u00e1neo\" \/><div class=\"cmsmasters_img_rollover\"><a href=\"https:\/\/www.revistasur.cl\/revistasur.cl\/2024\/11\/las-voces-migrantes-sobre-el-controversial-proyecto-de-ley-miscelaneo\/\" title=\"Las Voces Migrantes sobre el controversial proyecto de ley miscel\u00e1neo\" class=\"cmsmasters_open_link\"><\/a><\/div><\/figure><span class=\"cmsmasters_slider_post_category\"><a href=\"https:\/\/www.revistasur.cl\/revistasur.cl\/category\/programas-de-radio\/chile-a-todo-color\/\" class=\"cmsmasters_cat_color cmsmasters_cat_345\" rel=\"category tag\">Chile a Todo Color<\/a><\/span><\/div><div class=\"cmsmasters_slider_post_inner\"><span class=\"cmsmasters_slider_post_date cmsmasters-icon-custom-icon-clock\"><abbr class=\"published\" title=\"27 noviembre, 2024\">27 noviembre, 2024<\/abbr><abbr class=\"dn date updated\" title=\"27 noviembre, 2024\">27 noviembre, 2024<\/abbr><\/span><header class=\"cmsmasters_slider_post_header entry-header\"><h4 class=\"cmsmasters_slider_post_title entry-title\"><a title=\"Las Voces Migrantes sobre el controversial proyecto de ley miscel\u00e1neo\" href=\"https:\/\/www.revistasur.cl\/revistasur.cl\/2024\/11\/las-voces-migrantes-sobre-el-controversial-proyecto-de-ley-miscelaneo\/\">Las Voces Migrantes sobre el controversial proyecto de ley miscel\u00e1neo<\/a><\/h4><\/header><\/div>\t<\/div>\r\n<\/article>\r\n<!-- Finish Posts Slider Post Article  -->\r\n\r\n<\/div><div class=\"cmsmasters_owl_slider_item\"><!-- Start Posts Slider Post Article  -->\r\n<article id=\"post-160218\" class=\"cmsmasters_slider_post post-160218 post type-post status-publish format-standard has-post-thumbnail hentry category-chile-a-todo-color tag-colombianos-en-chile tag-francia-marquez\">\r\n\t<div class=\"cmsmasters_slider_post_outer\">\r\n\t<div class=\"cmsmasters_slider_post_img_wrap\"><figure class=\"cmsmasters_img_rollover_wrap preloader\"><img loading=\"lazy\" decoding=\"async\" width=\"580\" height=\"400\" src=\"https:\/\/www.revistasur.cl\/wp-content\/uploads\/2024\/11\/Copia-de-Overlay-de-Twitch-Videojuegos-Grunge-Azul-Oscuro-Cian-Amarillo-Neon-4-580x400.jpg\" class=\"full-width wp-post-image\" alt=\"Igualada: Inspiraci\u00f3n y Resistencia en la Pantalla Grande\" title=\"Igualada: Inspiraci\u00f3n y Resistencia en la Pantalla Grande\" \/><div class=\"cmsmasters_img_rollover\"><a href=\"https:\/\/www.revistasur.cl\/revistasur.cl\/2024\/11\/igualada-inspiracion-y-resistencia-en-la-pantalla-grande\/\" title=\"Igualada: Inspiraci\u00f3n y Resistencia en la Pantalla Grande\" class=\"cmsmasters_open_link\"><\/a><\/div><\/figure><span class=\"cmsmasters_slider_post_category\"><a href=\"https:\/\/www.revistasur.cl\/revistasur.cl\/category\/programas-de-radio\/chile-a-todo-color\/\" class=\"cmsmasters_cat_color cmsmasters_cat_345\" rel=\"category tag\">Chile a Todo Color<\/a><\/span><\/div><div class=\"cmsmasters_slider_post_inner\"><span class=\"cmsmasters_slider_post_date cmsmasters-icon-custom-icon-clock\"><abbr class=\"published\" title=\"19 noviembre, 2024\">19 noviembre, 2024<\/abbr><abbr class=\"dn date updated\" title=\"19 noviembre, 2024\">19 noviembre, 2024<\/abbr><\/span><header class=\"cmsmasters_slider_post_header entry-header\"><h4 class=\"cmsmasters_slider_post_title entry-title\"><a title=\"Igualada: Inspiraci\u00f3n y Resistencia en la Pantalla Grande\" href=\"https:\/\/www.revistasur.cl\/revistasur.cl\/2024\/11\/igualada-inspiracion-y-resistencia-en-la-pantalla-grande\/\">Igualada: Inspiraci\u00f3n y Resistencia en la Pantalla Grande<\/a><\/h4><\/header><\/div>\t<\/div>\r\n<\/article>\r\n<!-- Finish Posts Slider Post Article  -->\r\n\r\n<\/div><div class=\"cmsmasters_owl_slider_item\"><!-- Start Posts Slider Post Article  -->\r\n<article id=\"post-160211\" class=\"cmsmasters_slider_post post-160211 post type-post status-publish format-standard has-post-thumbnail hentry category-chile-a-todo-color tag-escrivivencias tag-mujeres-negras\">\r\n\t<div class=\"cmsmasters_slider_post_outer\">\r\n\t<div class=\"cmsmasters_slider_post_img_wrap\"><figure class=\"cmsmasters_img_rollover_wrap preloader\"><img loading=\"lazy\" decoding=\"async\" width=\"580\" height=\"400\" src=\"https:\/\/www.revistasur.cl\/wp-content\/uploads\/2024\/11\/Copia-de-Overlay-de-Twitch-Videojuegos-Grunge-Azul-Oscuro-Cian-Amarillo-Neon-3-580x400.jpg\" class=\"full-width wp-post-image\" alt=\"Escrivivencias Negras &#8211; Memoria y Resistencia Afro en Chile\" title=\"Escrivivencias Negras &#8211; Memoria y Resistencia Afro en Chile\" \/><div class=\"cmsmasters_img_rollover\"><a href=\"https:\/\/www.revistasur.cl\/revistasur.cl\/2024\/11\/escrivivencias-negras-memoria-y-resistencia-afro-en-chile\/\" title=\"Escrivivencias Negras &#8211; Memoria y Resistencia Afro en Chile\" class=\"cmsmasters_open_link\"><\/a><\/div><\/figure><span class=\"cmsmasters_slider_post_category\"><a href=\"https:\/\/www.revistasur.cl\/revistasur.cl\/category\/programas-de-radio\/chile-a-todo-color\/\" class=\"cmsmasters_cat_color cmsmasters_cat_345\" rel=\"category tag\">Chile a Todo Color<\/a><\/span><\/div><div class=\"cmsmasters_slider_post_inner\"><span class=\"cmsmasters_slider_post_date cmsmasters-icon-custom-icon-clock\"><abbr class=\"published\" title=\"11 noviembre, 2024\">11 noviembre, 2024<\/abbr><abbr class=\"dn date updated\" title=\"11 noviembre, 2024\">11 noviembre, 2024<\/abbr><\/span><header class=\"cmsmasters_slider_post_header entry-header\"><h4 class=\"cmsmasters_slider_post_title entry-title\"><a title=\"Escrivivencias Negras &#8211; Memoria y Resistencia Afro en Chile\" href=\"https:\/\/www.revistasur.cl\/revistasur.cl\/2024\/11\/escrivivencias-negras-memoria-y-resistencia-afro-en-chile\/\">Escrivivencias Negras &#8211; Memoria y Resistencia Afro en Chile<\/a><\/h4><\/header><\/div>\t<\/div>\r\n<\/article>\r\n<!-- Finish Posts Slider Post Article  -->\r\n\r\n<\/div><\/div><\/div>\n<\/div><\/div>\n<\/div>\n<\/div>\n<\/div>\n<\/div>\n<\/div>\n<div id=\"cmsmasters_row_5xtkgd6xm\" class=\"cmsmasters_row cmsmasters_color_scheme_default cmsmasters_row_top_default cmsmasters_row_bot_default cmsmasters_row_boxed\">\n<div class=\"cmsmasters_row_outer_parent\">\n<div class=\"cmsmasters_row_outer\">\n<div class=\"cmsmasters_row_inner\">\n<div class=\"cmsmasters_row_margin\">\n<div id=\"cmsmasters_column_tw4y3hs6ht\" class=\"cmsmasters_column one_fourth cmsmasters_column_sticky\">\n<div class=\"cmsmasters_column_inner\">\n<div id=\"cmsmasters_divider_ba2samlv41\" class=\"cl\"><\/div>\n<div class=\"cmsmasters_sidebar sidebar_layout_11\"><aside id=\"custom-posts-tabs-37\" class=\"widget widget_custom_posts_tabs_entries\"><h3 class=\"widgettitle\"><span>Actividades Culturales<\/span><\/h3><div class=\"cmsmasters_tabs tabs_mode_tab lpr\"><div class=\"cmsmasters_tabs_wrap\"><div class=\"cmsmasters_tab tab_latest\"><ul><li><div class=\"cmsmasters_lpr_tabs_img\"><figure class=\"cmsmasters_img_wrap\"><a href=\"https:\/\/www.revistasur.cl\/revistasur.cl\/2025\/12\/semana-de-las-culturas-por-una-migracion-digna-tejiendo-resistencia-desde-las-comunidades\/\" title=\"Semana de las Culturas por una migraci\u00f3n digna: tejiendo resistencia desde las comunidades\" class=\"cmsmasters_img_link\"><img loading=\"lazy\" decoding=\"async\" width=\"120\" height=\"120\" src=\"https:\/\/www.revistasur.cl\/wp-content\/uploads\/2025\/12\/WhatsApp-Image-2025-12-18-at-12.02.48-120x120.jpeg\" class=\" wp-post-image\" alt=\"Semana de las Culturas por una migraci\u00f3n digna: tejiendo resistencia desde las comunidades\" title=\"Semana de las Culturas por una migraci\u00f3n digna: tejiendo resistencia desde las comunidades\" srcset=\"https:\/\/www.revistasur.cl\/wp-content\/uploads\/2025\/12\/WhatsApp-Image-2025-12-18-at-12.02.48-120x120.jpeg 120w, https:\/\/www.revistasur.cl\/wp-content\/uploads\/2025\/12\/WhatsApp-Image-2025-12-18-at-12.02.48-150x150.jpeg 150w, https:\/\/www.revistasur.cl\/wp-content\/uploads\/2025\/12\/WhatsApp-Image-2025-12-18-at-12.02.48-360x360.jpeg 360w\" sizes=\"(max-width: 120px) 100vw, 120px\" \/><\/a><\/figure><\/div><div class=\"cmsmasters_lpr_tabs_cont\"><abbr class=\"published\" title=\"19 diciembre, 2025\">19 diciembre, 2025<\/abbr><a href=\"https:\/\/www.revistasur.cl\/revistasur.cl\/2025\/12\/semana-de-las-culturas-por-una-migracion-digna-tejiendo-resistencia-desde-las-comunidades\/\" title=\"Semana de las Culturas por una migraci\u00f3n digna: tejiendo resistencia desde las comunidades\">Semana de las Culturas por una migraci\u00f3n digna: tejiendo resistencia desde las comunidades<\/a><\/div><\/li><li><div class=\"cmsmasters_lpr_tabs_img\"><figure class=\"cmsmasters_img_wrap\"><a href=\"https:\/\/www.revistasur.cl\/revistasur.cl\/2025\/11\/festival-de-cina-raices-colombianas-memoria-tierra-y-conflicto\/\" title=\"Festival de Cina \u00abRa\u00edces Colombianas\u00bb: Memoria, Tierra y Conflicto\" class=\"cmsmasters_img_link\"><img loading=\"lazy\" decoding=\"async\" width=\"120\" height=\"120\" src=\"https:\/\/www.revistasur.cl\/wp-content\/uploads\/2025\/11\/Festival-de-Cine-120x120.jpg\" class=\" wp-post-image\" alt=\"Festival de Cina \u00abRa\u00edces Colombianas\u00bb: Memoria, Tierra y Conflicto\" title=\"Festival de Cina \u00abRa\u00edces Colombianas\u00bb: Memoria, Tierra y Conflicto\" srcset=\"https:\/\/www.revistasur.cl\/wp-content\/uploads\/2025\/11\/Festival-de-Cine-120x120.jpg 120w, https:\/\/www.revistasur.cl\/wp-content\/uploads\/2025\/11\/Festival-de-Cine-150x150.jpg 150w, https:\/\/www.revistasur.cl\/wp-content\/uploads\/2025\/11\/Festival-de-Cine-360x360.jpg 360w\" sizes=\"(max-width: 120px) 100vw, 120px\" \/><\/a><\/figure><\/div><div class=\"cmsmasters_lpr_tabs_cont\"><abbr class=\"published\" title=\"18 noviembre, 2025\">18 noviembre, 2025<\/abbr><a href=\"https:\/\/www.revistasur.cl\/revistasur.cl\/2025\/11\/festival-de-cina-raices-colombianas-memoria-tierra-y-conflicto\/\" title=\"Festival de Cina \u00abRa\u00edces Colombianas\u00bb: Memoria, Tierra y Conflicto\">Festival de Cina \u00abRa\u00edces Colombianas\u00bb: Memoria, Tierra y Conflicto<\/a><\/div><\/li><li><div class=\"cmsmasters_lpr_tabs_img\"><figure class=\"cmsmasters_img_wrap\"><a href=\"https:\/\/www.revistasur.cl\/revistasur.cl\/2021\/04\/una-escuela-llamada-america-documental-sobre-ninez-y-migracion-se-estrenara-este-28-de-abril\/\" title=\"\u201cUna escuela llamada Am\u00e9rica\u201d documental sobre ni\u00f1ez y migraci\u00f3n se estrenar\u00e1 este 28 de abril\" class=\"cmsmasters_img_link\"><img loading=\"lazy\" decoding=\"async\" width=\"120\" height=\"120\" src=\"https:\/\/www.revistasur.cl\/wp-content\/uploads\/2021\/04\/FOTO-1-120x120.png\" class=\" wp-post-image\" alt=\"\u201cUna escuela llamada Am\u00e9rica\u201d documental sobre ni\u00f1ez y migraci\u00f3n se estrenar\u00e1 este 28 de abril\" title=\"\u201cUna escuela llamada Am\u00e9rica\u201d documental sobre ni\u00f1ez y migraci\u00f3n se estrenar\u00e1 este 28 de abril\" srcset=\"https:\/\/www.revistasur.cl\/wp-content\/uploads\/2021\/04\/FOTO-1-120x120.png 120w, https:\/\/www.revistasur.cl\/wp-content\/uploads\/2021\/04\/FOTO-1-150x150.png 150w, https:\/\/www.revistasur.cl\/wp-content\/uploads\/2021\/04\/FOTO-1-360x360.png 360w\" sizes=\"(max-width: 120px) 100vw, 120px\" \/><\/a><\/figure><\/div><div class=\"cmsmasters_lpr_tabs_cont\"><abbr class=\"published\" title=\"22 abril, 2021\">22 abril, 2021<\/abbr><a href=\"https:\/\/www.revistasur.cl\/revistasur.cl\/2021\/04\/una-escuela-llamada-america-documental-sobre-ninez-y-migracion-se-estrenara-este-28-de-abril\/\" title=\"\u201cUna escuela llamada Am\u00e9rica\u201d documental sobre ni\u00f1ez y migraci\u00f3n se estrenar\u00e1 este 28 de abril\">\u201cUna escuela llamada Am\u00e9rica\u201d documental sobre ni\u00f1ez y migraci\u00f3n se estrenar\u00e1 este 28 de abril<\/a><\/div><\/li><\/ul><\/div><\/div><\/div><\/aside><aside id=\"apsc_widget-4\" class=\"widget widget_apsc_widget\"><h3 class=\"widgettitle\"><span>Seguidores<\/span><\/h3><div class=\"apsc-icons-wrapper clearfix apsc-theme-5 \" >\r\n                    <div class=\"apsc-each-profile\">\r\n                    <a  class=\"apsc-facebook-icon clearfix\" href=\"https:\/\/facebook.com\/https:\/\/www.facebook.com\/RevistaSur\/\" target=\"_blank\" >\r\n    <div class=\"apsc-inner-block\">\r\n        <span class=\"social-icon\"><i class=\"fab fa-facebook-f apsc-facebook\"><\/i><span class=\"media-name\">Facebook<\/span><\/span>\r\n        <span class=\"apsc-count\">0<\/span><span class=\"apsc-media-type\">Fans<\/span>\r\n    <\/div>\r\n<\/a>\r\n                <\/div>                <div class=\"apsc-each-profile\">\r\n                    <a  class=\"apsc-twitter-icon clearfix\"  href=\"https:\/\/twitter.com\/Revista_Sur\" target=\"_blank\"  >\r\n   <div class=\"apsc-inner-block\">\r\n        <span class=\"social-icon\"><i class=\"fab fa-twitter apsc-twitter\"><\/i><span class=\"media-name\">Twitter<\/span><\/span>\r\n        <span class=\"apsc-count\">0<\/span><span class=\"apsc-media-type\">Followers<\/span>\r\n   <\/div>\r\n<\/a>\r\n                <\/div>                <div class=\"apsc-each-profile\">\r\n                    <a  class=\"apsc-instagram-icon clearfix\" href=\"https:\/\/instagram.com\/chileatodocolor\" target=\"_blank\"   >\r\n     <div class=\"apsc-inner-block\">\r\n          <span class=\"social-icon\"><i class=\"apsc-instagram fab fa-instagram\"><\/i><span class=\"media-name\">Instagram<\/span><\/span>\r\n          <span class=\"apsc-count\">0<\/span><span class=\"apsc-media-type\">Followers<\/span>\r\n     <\/div>\r\n<\/a>\r\n                <\/div>                <div class=\"apsc-each-profile\">\r\n                    <a class=\"apsc-youtube-icon clearfix\" href=\"https:\/\/www.youtube.com\/channel\/UC9Nu7gl-JLf3_GS0T5uqjRA?\" target=\"_blank\"  >\r\n   <div class=\"apsc-inner-block\">\r\n        <span class=\"social-icon\"><i class=\"apsc-youtube fab fa-youtube\"><\/i><span class=\"media-name\">Youtube<\/span><\/span>\r\n        <span class=\"apsc-count\">0<\/span><span class=\"apsc-media-type\">Subscriber<\/span>\r\n   <\/div>\r\n<\/a>\r\n                <\/div>                <div class=\"apsc-each-profile\">\r\n                    \r\n<a class=\"apsc-edit-icon clearfix\" href=\"javascript:void(0);\" >\r\n   <div class=\"apsc-inner-block\">\r\n        <span class=\"social-icon\"><i class=\"apsc-posts fas fa-edit\"><\/i><span class=\"media-name\">Post<\/span><\/span>\r\n        <span class=\"apsc-count\">2,209<\/span><span class=\"apsc-media-type\">Post<\/span>\r\n   <\/div>\r\n<\/a>\r\n                <\/div><\/div><\/aside><div class=\"cl\"><\/div>\n<\/div>\n<\/div><\/div>\n<div id=\"cmsmasters_column_pwl36j04cq\" class=\"cmsmasters_column one_half\">\n<div class=\"cmsmasters_column_inner\">\n<div id=\"blog_p0bfl7cqd\" class=\"cmsmasters_wrap_blog entry-summary\" data-layout=\"standard\" data-layout-mode=\"\" data-url=\"https:\/\/www.revistasur.cl\/wp-content\/plugins\/cmsmasters-content-composer\/\" data-orderby=\"date\" data-order=\"DESC\" data-count=\"1\" data-categories=\"columnas\" data-metadata=\"title,date,excerpt,categories,author,comments,likes,views\" data-pagination=\"disabled\"><div class=\"blog standard\"><!-- Start Post Default Article  -->\r\n<article id=\"post-161617\" class=\"cmsmasters_post_default post-161617 post type-post status-publish format-standard has-post-thumbnail hentry category-columnas tag-ratt tag-venezuela\">\r\n\t<div class=\"cmsmasters_post_cont_wrap\">\r\n\t\t<div class=\"cmsmasters_post_img_wrap\"><figure class=\"cmsmasters_img_wrap\"><a href=\"https:\/\/www.revistasur.cl\/revistasur.cl\/2026\/08\/cuando-la-tierra-tiembla-tambien-se-fracturan-las-condiciones-de-bienestar-terremoto-en-venezuela-migracion-y-bienestar\/\" title=\"Cuando la tierra tiembla, tambi\u00e9n se fracturan las condiciones de Bienestar. Terremoto en Venezuela, migraci\u00f3n y bienestar\" class=\"cmsmasters_img_link\"><img loading=\"lazy\" decoding=\"async\" width=\"580\" height=\"623\" src=\"https:\/\/www.revistasur.cl\/wp-content\/uploads\/2026\/08\/RATT-56.jpg\" class=\" wp-post-image\" alt=\"Cuando la tierra tiembla, tambi\u00e9n se fracturan las condiciones de Bienestar. Terremoto en Venezuela, migraci\u00f3n y bienestar\" title=\"Cuando la tierra tiembla, tambi\u00e9n se fracturan las condiciones de Bienestar. Terremoto en Venezuela, migraci\u00f3n y bienestar\" srcset=\"https:\/\/www.revistasur.cl\/wp-content\/uploads\/2026\/08\/RATT-56.jpg 580w, https:\/\/www.revistasur.cl\/wp-content\/uploads\/2026\/08\/RATT-56-279x300.jpg 279w\" sizes=\"(max-width: 580px) 100vw, 580px\" \/><\/a><\/figure><span class=\"cmsmasters_post_category\"><a href=\"https:\/\/www.revistasur.cl\/revistasur.cl\/category\/columnas\/\" class=\"cmsmasters_cat_color cmsmasters_cat_64\" rel=\"category tag\">Columnas<\/a><\/span><\/div>\r\n\t\t<div class=\"cmsmasters_post_cont\">\r\n\t\t\t<div class=\"cmsmasters_post_info clearfix entry-meta\"><small class=\"cmsmasters_post_date cmsmasters-icon-custom-icon-clock\"><abbr class=\"published\" title=\"25 agosto, 2026\">25 agosto, 2026<\/abbr><abbr class=\"dn date updated\" title=\"25 agosto, 2026\">25 agosto, 2026<\/abbr><\/small><\/div><header class=\"cmsmasters_post_header entry-header\"><h2 class=\"cmsmasters_post_title entry-title\"><a href=\"https:\/\/www.revistasur.cl\/revistasur.cl\/2026\/08\/cuando-la-tierra-tiembla-tambien-se-fracturan-las-condiciones-de-bienestar-terremoto-en-venezuela-migracion-y-bienestar\/\">Cuando la tierra tiembla, tambi\u00e9n se fracturan las condiciones de Bienestar. Terremoto en Venezuela, migraci\u00f3n y bienestar<\/a><\/h2><\/header><div class=\"cmsmasters_post_content entry-content\">\n<p>Los terremotos que sacudieron el norte de Venezuela el 24 de junio de 2026 no s\u00f3lo removieron el suelo: dejaron al descubierto grietas sociales que ya atravesaban la vida cotidiana. Los dos sismos, de magnitudes 7,2 y 7,5, golpearon zonas al oeste de Caracas. La Organizaci\u00f3n Internacional para las Migraciones (OIM) estim\u00f3 que hasta 6,76 millones de personas pod\u00edan verse afectadas. Detr\u00e1s de cada cifra hay una casa que dej\u00f3 de ser refugio, una familia buscando noticias y alguien pregunt\u00e1ndose d\u00f3nde dormir\u00e1 esa noche.<\/p>\n<\/div>\n<footer class=\"cmsmasters_post_footer entry-meta\"><div class=\"cmsmasters_post_interface clearfix \"><span class=\"cmsmasters_post_author\"><a href=\"https:\/\/www.revistasur.cl\/revistasur.cl\/author\/paloma-andrea-fuentes-casanova\/\" class=\"cmsmasters_post_author_avatar\"><\/a>Por <a href=\"https:\/\/www.revistasur.cl\/revistasur.cl\/author\/paloma-andrea-fuentes-casanova\/\" title=\"Entrada por Paloma Andrea Fuentes Casanova\" class=\"vcard author\" rel=\"author\"><span class=\"fn\">Paloma Andrea Fuentes Casanova<\/span><\/a><\/span><span class=\"cmsmasters_views cmsmasters_post_views\"><span id=\"cmsmastersView-161617\" class=\"cmsmastersView cmsmasters_theme_icon_view\"><span>0<\/span><\/span><\/span><span class=\"cmsmasters_likes cmsmasters_post_likes\"><a href=\"#\" onclick=\"cmsmastersLike(161617, false); return false;\" id=\"cmsmastersLike-161617\" class=\"cmsmastersLike cmsmasters_theme_icon_like\"><span>0 <\/span><\/a><\/span><\/div><\/footer>\t\t<\/div>\r\n\t<\/div>\r\n<\/article>\r\n<!-- Finish Post Default Article  -->\r\n\r\n<\/div><\/div>\n<div id=\"cmsmasters_divider_r9nfy7bg2c\" class=\"cmsmasters_divider cmsmasters_divider_width_long cmsmasters_divider_pos_center\"><\/div>\n<div id=\"blog_8rat01huho\" class=\"cmsmasters_wrap_blog entry-summary\" data-layout=\"columns\" data-layout-mode=\"grid\" data-url=\"https:\/\/www.revistasur.cl\/wp-content\/plugins\/cmsmasters-content-composer\/\" data-orderby=\"date\" data-order=\"DESC\" data-count=\"4\" data-categories=\"salsa-al-parque\" data-metadata=\"title,date,categories,author\" data-pagination=\"disabled\"><div class=\"blog columns grid cmsmasters_2\"><!-- Start Post Masonry Article  -->\r\n<article id=\"post-11136\" class=\"cmsmasters_post_masonry post-11136 post type-post status-publish format-standard has-post-thumbnail hentry category-salsa-al-parque\" data-category=\"salsa-al-parque\">\r\n\t<div class=\"cmsmasters_post_cont_wrap\">\r\n\t\t<div class=\"cmsmasters_post_img_wrap\"><figure class=\"cmsmasters_img_wrap\"><a href=\"https:\/\/www.revistasur.cl\/revistasur.cl\/2019\/05\/salsa-al-parque-especial-dia-de-las-madres\/\" title=\"Salsa al Parque \u00abEspecial d\u00eda de las Madres\u00bb\" class=\"cmsmasters_img_link\"><img loading=\"lazy\" decoding=\"async\" width=\"566\" height=\"413\" src=\"https:\/\/www.revistasur.cl\/wp-content\/uploads\/2019\/05\/Salsa-al-Parque.jpg\" class=\"full-width wp-post-image\" alt=\"Salsa al Parque \u00abEspecial d\u00eda de las Madres\u00bb\" title=\"Salsa al Parque \u00abEspecial d\u00eda de las Madres\u00bb\" srcset=\"https:\/\/www.revistasur.cl\/wp-content\/uploads\/2019\/05\/Salsa-al-Parque.jpg 566w, https:\/\/www.revistasur.cl\/wp-content\/uploads\/2019\/05\/Salsa-al-Parque-300x219.jpg 300w\" sizes=\"(max-width: 566px) 100vw, 566px\" \/><\/a><\/figure><span class=\"cmsmasters_post_category\"><a href=\"https:\/\/www.revistasur.cl\/revistasur.cl\/category\/programas-de-radio\/salsa-al-parque\/\" class=\"cmsmasters_cat_color cmsmasters_cat_646\" rel=\"category tag\">Salsa al Parque<\/a><\/span><\/div>\r\n\t\t<div class=\"cmsmasters_post_cont\">\r\n\t\t\t<div class=\"cmsmasters_post_info clearfix\"><small class=\"cmsmasters_post_date cmsmasters-icon-custom-icon-clock\"><abbr class=\"published\" title=\"16 mayo, 2019\">16 mayo, 2019<\/abbr><abbr class=\"dn date updated\" title=\"14 enero, 2020\">14 enero, 2020<\/abbr><\/small><\/div><header class=\"cmsmasters_post_header entry-header\"><h3 class=\"cmsmasters_post_title entry-title\"><a href=\"https:\/\/www.revistasur.cl\/revistasur.cl\/2019\/05\/salsa-al-parque-especial-dia-de-las-madres\/\">Salsa al Parque \u00abEspecial d\u00eda de las Madres\u00bb<\/a><\/h3><\/header><footer class=\"cmsmasters_post_footer entry-meta\"><div class=\"cmsmasters_post_interface clearfix \"><span class=\"cmsmasters_post_author\"><a href=\"https:\/\/www.revistasur.cl\/revistasur.cl\/author\/revistasur\/\" class=\"cmsmasters_post_author_avatar\"><\/a>Por <a href=\"https:\/\/www.revistasur.cl\/revistasur.cl\/author\/revistasur\/\" title=\"Entrada por Revista Sur\" class=\"vcard author\" rel=\"author\"><span class=\"fn\">Revista Sur<\/span><\/a><\/span><\/div><\/footer>\t\t<\/div>\r\n\t<\/div>\r\n<\/article>\r\n<!-- Finish Post Masonry Article  -->\r\n\r\n<!-- Start Post Masonry Article  -->\r\n<article id=\"post-10864\" class=\"cmsmasters_post_masonry post-10864 post type-post status-publish format-standard has-post-thumbnail hentry category-salsa-al-parque tag-andres-nierez tag-javiera-la-caimana tag-salsa-al-parque tag-yaima-redonet-sanchez\" data-category=\"salsa-al-parque\">\r\n\t<div class=\"cmsmasters_post_cont_wrap\">\r\n\t\t<div class=\"cmsmasters_post_img_wrap\"><figure class=\"cmsmasters_img_wrap\"><a href=\"https:\/\/www.revistasur.cl\/revistasur.cl\/2019\/01\/chile-cuba-y-uruguay-se-dan-cita-en-salsa-al-parque\/\" title=\"Chile, Cuba y Uruguay se dan cita en Salsa al Parque\" class=\"cmsmasters_img_link\"><img loading=\"lazy\" decoding=\"async\" width=\"580\" height=\"435\" src=\"https:\/\/www.revistasur.cl\/wp-content\/uploads\/2019\/01\/Diana-caimana.jpg\" class=\"full-width wp-post-image\" alt=\"Chile, Cuba y Uruguay se dan cita en Salsa al Parque\" title=\"Chile, Cuba y Uruguay se dan cita en Salsa al Parque\" srcset=\"https:\/\/www.revistasur.cl\/wp-content\/uploads\/2019\/01\/Diana-caimana.jpg 1280w, https:\/\/www.revistasur.cl\/wp-content\/uploads\/2019\/01\/Diana-caimana-300x225.jpg 300w, https:\/\/www.revistasur.cl\/wp-content\/uploads\/2019\/01\/Diana-caimana-768x576.jpg 768w, https:\/\/www.revistasur.cl\/wp-content\/uploads\/2019\/01\/Diana-caimana-1024x768.jpg 1024w, https:\/\/www.revistasur.cl\/wp-content\/uploads\/2019\/01\/Diana-caimana-950x713.jpg 950w\" sizes=\"(max-width: 580px) 100vw, 580px\" \/><\/a><\/figure><span class=\"cmsmasters_post_category\"><a href=\"https:\/\/www.revistasur.cl\/revistasur.cl\/category\/programas-de-radio\/salsa-al-parque\/\" class=\"cmsmasters_cat_color cmsmasters_cat_646\" rel=\"category tag\">Salsa al Parque<\/a><\/span><\/div>\r\n\t\t<div class=\"cmsmasters_post_cont\">\r\n\t\t\t<div class=\"cmsmasters_post_info clearfix\"><small class=\"cmsmasters_post_date cmsmasters-icon-custom-icon-clock\"><abbr class=\"published\" title=\"8 enero, 2019\">8 enero, 2019<\/abbr><abbr class=\"dn date updated\" title=\"14 enero, 2020\">14 enero, 2020<\/abbr><\/small><\/div><header class=\"cmsmasters_post_header entry-header\"><h3 class=\"cmsmasters_post_title entry-title\"><a href=\"https:\/\/www.revistasur.cl\/revistasur.cl\/2019\/01\/chile-cuba-y-uruguay-se-dan-cita-en-salsa-al-parque\/\">Chile, Cuba y Uruguay se dan cita en Salsa al Parque<\/a><\/h3><\/header><footer class=\"cmsmasters_post_footer entry-meta\"><div class=\"cmsmasters_post_interface clearfix \"><span class=\"cmsmasters_post_author\"><a href=\"https:\/\/www.revistasur.cl\/revistasur.cl\/author\/jrizik\/\" class=\"cmsmasters_post_author_avatar\"><\/a>Por <a href=\"https:\/\/www.revistasur.cl\/revistasur.cl\/author\/jrizik\/\" title=\"Entrada por Jorge Rizik\" class=\"vcard author\" rel=\"author\"><span class=\"fn\">Jorge Rizik<\/span><\/a><\/span><\/div><\/footer>\t\t<\/div>\r\n\t<\/div>\r\n<\/article>\r\n<!-- Finish Post Masonry Article  -->\r\n\r\n<!-- Start Post Masonry Article  -->\r\n<article id=\"post-10788\" class=\"cmsmasters_post_masonry post-10788 post type-post status-publish format-standard has-post-thumbnail hentry category-salsa-al-parque tag-barrio-latino tag-salsa-al-parque tag-salsa-chilena\" data-category=\"salsa-al-parque\">\r\n\t<div class=\"cmsmasters_post_cont_wrap\">\r\n\t\t<div class=\"cmsmasters_post_img_wrap\"><figure class=\"cmsmasters_img_wrap\"><a href=\"https:\/\/www.revistasur.cl\/revistasur.cl\/2018\/12\/barrio-latino-en-salsa-al-parque\/\" title=\"Barrio Latino en Salsa al Parque\" class=\"cmsmasters_img_link\"><img loading=\"lazy\" decoding=\"async\" width=\"580\" height=\"377\" src=\"https:\/\/www.revistasur.cl\/wp-content\/uploads\/2018\/12\/Diana-1.jpg\" class=\"full-width wp-post-image\" alt=\"Barrio Latino en Salsa al Parque\" title=\"Barrio Latino en Salsa al Parque\" srcset=\"https:\/\/www.revistasur.cl\/wp-content\/uploads\/2018\/12\/Diana-1.jpg 1280w, https:\/\/www.revistasur.cl\/wp-content\/uploads\/2018\/12\/Diana-1-300x195.jpg 300w, https:\/\/www.revistasur.cl\/wp-content\/uploads\/2018\/12\/Diana-1-768x500.jpg 768w, https:\/\/www.revistasur.cl\/wp-content\/uploads\/2018\/12\/Diana-1-1024x666.jpg 1024w, https:\/\/www.revistasur.cl\/wp-content\/uploads\/2018\/12\/Diana-1-950x618.jpg 950w\" sizes=\"(max-width: 580px) 100vw, 580px\" \/><\/a><\/figure><span class=\"cmsmasters_post_category\"><a href=\"https:\/\/www.revistasur.cl\/revistasur.cl\/category\/programas-de-radio\/salsa-al-parque\/\" class=\"cmsmasters_cat_color cmsmasters_cat_646\" rel=\"category tag\">Salsa al Parque<\/a><\/span><\/div>\r\n\t\t<div class=\"cmsmasters_post_cont\">\r\n\t\t\t<div class=\"cmsmasters_post_info clearfix\"><small class=\"cmsmasters_post_date cmsmasters-icon-custom-icon-clock\"><abbr class=\"published\" title=\"26 diciembre, 2018\">26 diciembre, 2018<\/abbr><abbr class=\"dn date updated\" title=\"14 enero, 2020\">14 enero, 2020<\/abbr><\/small><\/div><header class=\"cmsmasters_post_header entry-header\"><h3 class=\"cmsmasters_post_title entry-title\"><a href=\"https:\/\/www.revistasur.cl\/revistasur.cl\/2018\/12\/barrio-latino-en-salsa-al-parque\/\">Barrio Latino en Salsa al Parque<\/a><\/h3><\/header><footer class=\"cmsmasters_post_footer entry-meta\"><div class=\"cmsmasters_post_interface clearfix \"><span class=\"cmsmasters_post_author\"><a href=\"https:\/\/www.revistasur.cl\/revistasur.cl\/author\/revistasur\/\" class=\"cmsmasters_post_author_avatar\"><\/a>Por <a href=\"https:\/\/www.revistasur.cl\/revistasur.cl\/author\/revistasur\/\" title=\"Entrada por Revista Sur\" class=\"vcard author\" rel=\"author\"><span class=\"fn\">Revista Sur<\/span><\/a><\/span><\/div><\/footer>\t\t<\/div>\r\n\t<\/div>\r\n<\/article>\r\n<!-- Finish Post Masonry Article  -->\r\n\r\n<!-- Start Post Masonry Article  -->\r\n<article id=\"post-10660\" class=\"cmsmasters_post_masonry post-10660 post type-post status-publish format-standard has-post-thumbnail hentry category-salsa-al-parque tag-la-negra-con-punto tag-salsa-al-parque tag-timba\" data-category=\"salsa-al-parque\">\r\n\t<div class=\"cmsmasters_post_cont_wrap\">\r\n\t\t<div class=\"cmsmasters_post_img_wrap\"><figure class=\"cmsmasters_img_wrap\"><a href=\"https:\/\/www.revistasur.cl\/revistasur.cl\/2018\/12\/la-negra-con-punto-en-salsa-al-parque\/\" title=\"La negra con punto en Salsa al Parque\" class=\"cmsmasters_img_link\"><img loading=\"lazy\" decoding=\"async\" width=\"580\" height=\"543\" src=\"https:\/\/www.revistasur.cl\/wp-content\/uploads\/2018\/12\/20181211_221828-e1544633270677.jpg\" class=\"full-width wp-post-image\" alt=\"La negra con punto en Salsa al Parque\" title=\"La negra con punto en Salsa al Parque\" \/><\/a><\/figure><span class=\"cmsmasters_post_category\"><a href=\"https:\/\/www.revistasur.cl\/revistasur.cl\/category\/programas-de-radio\/salsa-al-parque\/\" class=\"cmsmasters_cat_color cmsmasters_cat_646\" rel=\"category tag\">Salsa al Parque<\/a><\/span><\/div>\r\n\t\t<div class=\"cmsmasters_post_cont\">\r\n\t\t\t<div class=\"cmsmasters_post_info clearfix\"><small class=\"cmsmasters_post_date cmsmasters-icon-custom-icon-clock\"><abbr class=\"published\" title=\"12 diciembre, 2018\">12 diciembre, 2018<\/abbr><abbr class=\"dn date updated\" title=\"14 enero, 2020\">14 enero, 2020<\/abbr><\/small><\/div><header class=\"cmsmasters_post_header entry-header\"><h3 class=\"cmsmasters_post_title entry-title\"><a href=\"https:\/\/www.revistasur.cl\/revistasur.cl\/2018\/12\/la-negra-con-punto-en-salsa-al-parque\/\">La negra con punto en Salsa al Parque<\/a><\/h3><\/header><footer class=\"cmsmasters_post_footer entry-meta\"><div class=\"cmsmasters_post_interface clearfix \"><span class=\"cmsmasters_post_author\"><a href=\"https:\/\/www.revistasur.cl\/revistasur.cl\/author\/revistasur\/\" class=\"cmsmasters_post_author_avatar\"><\/a>Por <a href=\"https:\/\/www.revistasur.cl\/revistasur.cl\/author\/revistasur\/\" title=\"Entrada por Revista Sur\" class=\"vcard author\" rel=\"author\"><span class=\"fn\">Revista Sur<\/span><\/a><\/span><\/div><\/footer>\t\t<\/div>\r\n\t<\/div>\r\n<\/article>\r\n<!-- Finish Post Masonry Article  -->\r\n\r\n<\/div><\/div>\n<\/div><\/div>\n<div id=\"cmsmasters_column_0fxemjzkbq\" class=\"cmsmasters_column one_fourth cmsmasters_column_sticky\">\n<div class=\"cmsmasters_column_inner\">\n<div id=\"cmsmasters_divider_aiuscjihuo\" class=\"cl\"><\/div>\n<div class=\"cmsmasters_sidebar sidebar_layout_11\"><aside id=\"custom-posts-tabs-25\" class=\"widget widget_custom_posts_tabs_entries\"><h3 class=\"widgettitle\"><span>Reportajes<\/span><\/h3><div class=\"cmsmasters_tabs tabs_mode_tab lpr\"><div class=\"cmsmasters_tabs_wrap\"><div class=\"cmsmasters_tab tab_latest\"><ul><li><div class=\"cmsmasters_lpr_tabs_img\"><figure class=\"cmsmasters_img_wrap\"><a href=\"https:\/\/www.revistasur.cl\/revistasur.cl\/2022\/10\/sin-cedula-de-identidad-la-desproteccion-de-la-infancia-no-regularizada-en-chile\/\" title=\"Sin c\u00e9dula de identidad: la desprotecci\u00f3n de la infancia no regularizada en Chile\" class=\"cmsmasters_img_link\"><img loading=\"lazy\" decoding=\"async\" width=\"120\" height=\"120\" src=\"https:\/\/www.revistasur.cl\/wp-content\/uploads\/2022\/10\/Sin-cedula-de-identidad-sin-titulo-120x120.png\" class=\" wp-post-image\" alt=\"Sin c\u00e9dula de identidad: la desprotecci\u00f3n de la infancia no regularizada en Chile\" title=\"Sin c\u00e9dula de identidad: la desprotecci\u00f3n de la infancia no regularizada en Chile\" srcset=\"https:\/\/www.revistasur.cl\/wp-content\/uploads\/2022\/10\/Sin-cedula-de-identidad-sin-titulo-120x120.png 120w, https:\/\/www.revistasur.cl\/wp-content\/uploads\/2022\/10\/Sin-cedula-de-identidad-sin-titulo-150x150.png 150w, https:\/\/www.revistasur.cl\/wp-content\/uploads\/2022\/10\/Sin-cedula-de-identidad-sin-titulo-360x360.png 360w\" sizes=\"(max-width: 120px) 100vw, 120px\" \/><\/a><\/figure><\/div><div class=\"cmsmasters_lpr_tabs_cont\"><abbr class=\"published\" title=\"29 octubre, 2022\">29 octubre, 2022<\/abbr><a href=\"https:\/\/www.revistasur.cl\/revistasur.cl\/2022\/10\/sin-cedula-de-identidad-la-desproteccion-de-la-infancia-no-regularizada-en-chile\/\" title=\"Sin c\u00e9dula de identidad: la desprotecci\u00f3n de la infancia no regularizada en Chile\">Sin c\u00e9dula de identidad: la desprotecci\u00f3n de la infancia no regularizada en Chile<\/a><\/div><\/li><li><div class=\"cmsmasters_lpr_tabs_img\"><figure class=\"cmsmasters_img_wrap\"><a href=\"https:\/\/www.revistasur.cl\/revistasur.cl\/2022\/09\/la-travesia-de-maria-fernanda-migrante-y-nina-no-acompanada\/\" title=\"La traves\u00eda de Mar\u00eda Fernanda: Migrante y ni\u00f1a no acompa\u00f1ada\" class=\"cmsmasters_img_link\"><img loading=\"lazy\" decoding=\"async\" width=\"120\" height=\"120\" src=\"https:\/\/www.revistasur.cl\/wp-content\/uploads\/2022\/09\/Captura-de-Pantalla-2022-09-10-a-las-13.38.31-120x120.png\" class=\" wp-post-image\" alt=\"La traves\u00eda de Mar\u00eda Fernanda: Migrante y ni\u00f1a no acompa\u00f1ada\" title=\"La traves\u00eda de Mar\u00eda Fernanda: Migrante y ni\u00f1a no acompa\u00f1ada\" srcset=\"https:\/\/www.revistasur.cl\/wp-content\/uploads\/2022\/09\/Captura-de-Pantalla-2022-09-10-a-las-13.38.31-120x120.png 120w, https:\/\/www.revistasur.cl\/wp-content\/uploads\/2022\/09\/Captura-de-Pantalla-2022-09-10-a-las-13.38.31-150x150.png 150w, https:\/\/www.revistasur.cl\/wp-content\/uploads\/2022\/09\/Captura-de-Pantalla-2022-09-10-a-las-13.38.31-360x360.png 360w\" sizes=\"(max-width: 120px) 100vw, 120px\" \/><\/a><\/figure><\/div><div class=\"cmsmasters_lpr_tabs_cont\"><abbr class=\"published\" title=\"10 septiembre, 2022\">10 septiembre, 2022<\/abbr><a href=\"https:\/\/www.revistasur.cl\/revistasur.cl\/2022\/09\/la-travesia-de-maria-fernanda-migrante-y-nina-no-acompanada\/\" title=\"La traves\u00eda de Mar\u00eda Fernanda: Migrante y ni\u00f1a no acompa\u00f1ada\">La traves\u00eda de Mar\u00eda Fernanda: Migrante y ni\u00f1a no acompa\u00f1ada<\/a><\/div><\/li><li><div class=\"cmsmasters_lpr_tabs_img\"><figure class=\"cmsmasters_img_wrap\"><a href=\"https:\/\/www.revistasur.cl\/revistasur.cl\/2020\/12\/venezolanas-emprenden-desde-el-confinamiento\/\" title=\"Venezolanas emprenden desde el confinamiento\" class=\"cmsmasters_img_link\"><img loading=\"lazy\" decoding=\"async\" width=\"120\" height=\"120\" src=\"https:\/\/www.revistasur.cl\/wp-content\/uploads\/2020\/12\/Diseno-sin-titulo-1-120x120.jpg\" class=\" wp-post-image\" alt=\"Venezolanas emprenden desde el confinamiento\" title=\"Venezolanas emprenden desde el confinamiento\" srcset=\"https:\/\/www.revistasur.cl\/wp-content\/uploads\/2020\/12\/Diseno-sin-titulo-1-120x120.jpg 120w, https:\/\/www.revistasur.cl\/wp-content\/uploads\/2020\/12\/Diseno-sin-titulo-1-150x150.jpg 150w, https:\/\/www.revistasur.cl\/wp-content\/uploads\/2020\/12\/Diseno-sin-titulo-1-360x360.jpg 360w\" sizes=\"(max-width: 120px) 100vw, 120px\" \/><\/a><\/figure><\/div><div class=\"cmsmasters_lpr_tabs_cont\"><abbr class=\"published\" title=\"6 diciembre, 2020\">6 diciembre, 2020<\/abbr><a href=\"https:\/\/www.revistasur.cl\/revistasur.cl\/2020\/12\/venezolanas-emprenden-desde-el-confinamiento\/\" title=\"Venezolanas emprenden desde el confinamiento\">Venezolanas emprenden desde el confinamiento<\/a><\/div><\/li><\/ul><\/div><\/div><\/div><\/aside><div class=\"cl\"><\/div>\n<\/div>\n<div class=\"cmsmasters_sidebar sidebar_layout_11\"><div class=\"cl\"><\/div>\n<\/div>\n<div class=\"cmsmasters_sidebar sidebar_layout_11\"><aside id=\"apsc_widget-2\" class=\"widget widget_apsc_widget\"><h3 class=\"widgettitle\"><span>S\u00edguenos<\/span><\/h3><div class=\"apsc-icons-wrapper clearfix apsc-theme-5 \" >\r\n                    <div class=\"apsc-each-profile\">\r\n                    <a  class=\"apsc-facebook-icon clearfix\" href=\"https:\/\/facebook.com\/https:\/\/www.facebook.com\/RevistaSur\/\" target=\"_blank\" >\r\n    <div class=\"apsc-inner-block\">\r\n        <span class=\"social-icon\"><i class=\"fab fa-facebook-f apsc-facebook\"><\/i><span class=\"media-name\">Facebook<\/span><\/span>\r\n        <span class=\"apsc-count\">0<\/span><span class=\"apsc-media-type\">Fans<\/span>\r\n    <\/div>\r\n<\/a>\r\n                <\/div>                <div class=\"apsc-each-profile\">\r\n                    <a  class=\"apsc-twitter-icon clearfix\"  href=\"https:\/\/twitter.com\/Revista_Sur\" target=\"_blank\"  >\r\n   <div class=\"apsc-inner-block\">\r\n        <span class=\"social-icon\"><i class=\"fab fa-twitter apsc-twitter\"><\/i><span class=\"media-name\">Twitter<\/span><\/span>\r\n        <span class=\"apsc-count\">0<\/span><span class=\"apsc-media-type\">Followers<\/span>\r\n   <\/div>\r\n<\/a>\r\n                <\/div>                <div class=\"apsc-each-profile\">\r\n                    <a  class=\"apsc-instagram-icon clearfix\" href=\"https:\/\/instagram.com\/chileatodocolor\" target=\"_blank\"   >\r\n     <div class=\"apsc-inner-block\">\r\n          <span class=\"social-icon\"><i class=\"apsc-instagram fab fa-instagram\"><\/i><span class=\"media-name\">Instagram<\/span><\/span>\r\n          <span class=\"apsc-count\">0<\/span><span class=\"apsc-media-type\">Followers<\/span>\r\n     <\/div>\r\n<\/a>\r\n                <\/div>                <div class=\"apsc-each-profile\">\r\n                    <a class=\"apsc-youtube-icon clearfix\" href=\"https:\/\/www.youtube.com\/channel\/UC9Nu7gl-JLf3_GS0T5uqjRA?\" target=\"_blank\"  >\r\n   <div class=\"apsc-inner-block\">\r\n        <span class=\"social-icon\"><i class=\"apsc-youtube fab fa-youtube\"><\/i><span class=\"media-name\">Youtube<\/span><\/span>\r\n        <span class=\"apsc-count\">0<\/span><span class=\"apsc-media-type\">Subscriber<\/span>\r\n   <\/div>\r\n<\/a>\r\n                <\/div>                <div class=\"apsc-each-profile\">\r\n                    \r\n<a class=\"apsc-edit-icon clearfix\" href=\"javascript:void(0);\" >\r\n   <div class=\"apsc-inner-block\">\r\n        <span class=\"social-icon\"><i class=\"apsc-posts fas fa-edit\"><\/i><span class=\"media-name\">Post<\/span><\/span>\r\n        <span class=\"apsc-count\">2,209<\/span><span class=\"apsc-media-type\">Post<\/span>\r\n   <\/div>\r\n<\/a>\r\n                <\/div><\/div><\/aside><div class=\"cl\"><\/div>\n<\/div>\n<div class=\"cmsmasters_sidebar sidebar_layout_11\"><div class=\"cl\"><\/div>\n<\/div>\n<\/div><\/div>\n<\/div>\n<\/div>\n<\/div>\n<\/div>\n<\/div>\n<div id=\"cmsmasters_row_b2a2r26v0v\" class=\"cmsmasters_row cmsmasters_color_scheme_default cmsmasters_row_top_default cmsmasters_row_bot_default cmsmasters_row_boxed\">\n<div class=\"cmsmasters_row_outer_parent\">\n<div class=\"cmsmasters_row_outer\">\n<div class=\"cmsmasters_row_inner\">\n<div class=\"cmsmasters_row_margin\">\n<div id=\"cmsmasters_column_xjd7rjgym\" class=\"cmsmasters_column one_third\">\n<div class=\"cmsmasters_column_inner\">\n<div class=\"cmsmasters_embed_wrap\">\n<\/div>\n<\/div><\/div>\n<div id=\"cmsmasters_column_pogj0gbg43\" class=\"cmsmasters_column one_third\">\n<div class=\"cmsmasters_column_inner\">\n<div class=\"cmsmasters_embed_wrap\">\n<\/div>\n<\/div><\/div>\n<div id=\"cmsmasters_column_zhhwve02a\" class=\"cmsmasters_column one_third\">\n<div class=\"cmsmasters_column_inner\">\n<div class=\"cmsmasters_embed_wrap\">\n<iframe loading=\"lazy\" title=\"Chile a Todo Color &quot;Refugiados Venezolanos. Realidades de Chile y Bolivia&quot;\" width=\"400\" height=\"225\" src=\"https:\/\/www.youtube.com\/embed\/xlC2psieluw?feature=oembed\" frameborder=\"0\" allow=\"accelerometer; autoplay; clipboard-write; encrypted-media; gyroscope; picture-in-picture\" allowfullscreen><\/iframe><\/div>\n<\/div><\/div>\n<\/div>\n<\/div>\n<\/div>\n<\/div>\n<\/div>\n<div id=\"cmsmasters_row_6cwogt40j7\" class=\"cmsmasters_row cmsmasters_color_scheme_default cmsmasters_row_top_default cmsmasters_row_bot_default cmsmasters_row_boxed\">\n<div class=\"cmsmasters_row_outer_parent\">\n<div class=\"cmsmasters_row_outer\">\n<div class=\"cmsmasters_row_inner\">\n<div class=\"cmsmasters_row_margin\">\n<div id=\"cmsmasters_column_qo8kg7btbb\" class=\"cmsmasters_column three_fourth one_first_md\">\n<div class=\"cmsmasters_column_inner\"><div id=\"cmsmasters_heading_xjp3xnshe\" class=\"cmsmasters_heading_wrap cmsmasters_heading_align_left\">\n\t<h2 class=\"cmsmasters_heading\">Migraci\u00f3n<\/h2>\n<\/div>\n<div id=\"blog_r5xcoca70d\" class=\"cmsmasters_wrap_blog entry-summary\" data-layout=\"columns\" data-layout-mode=\"masonry\" data-url=\"https:\/\/www.revistasur.cl\/wp-content\/plugins\/cmsmasters-content-composer\/\" data-orderby=\"date\" data-order=\"DESC\" data-count=\"3\" data-categories=\"migracion\" data-metadata=\"title,date,excerpt,categories,author,comments,likes,views\" data-pagination=\"disabled\"><div class=\"blog columns masonry cmsmasters_3\"><!-- Start Post Masonry Article  -->\r\n<article id=\"post-161624\" class=\"cmsmasters_post_masonry post-161624 post type-post status-publish format-standard has-post-thumbnail hentry category-migracion tag-red-de-periodistas-migrantes\" data-category=\"migracion\">\r\n\t<div class=\"cmsmasters_post_cont_wrap\">\r\n\t\t<div class=\"cmsmasters_post_img_wrap\"><figure class=\"cmsmasters_img_wrap\"><a href=\"https:\/\/www.revistasur.cl\/revistasur.cl\/2026\/08\/taller-de-narrativas-promovio-el-intercambio-de-experiencias-y-perspectivas-en-nuevo-encuentro-de-la-red-de-periodistas-migrantes\/\" title=\"Taller de narrativas promovi\u00f3 el intercambio de experiencias y perspectivas en nuevo encuentro de la Red de Periodistas Migrantes\" class=\"cmsmasters_img_link\"><img loading=\"lazy\" decoding=\"async\" width=\"580\" height=\"271\" src=\"https:\/\/www.revistasur.cl\/wp-content\/uploads\/2026\/08\/FOTO-TALLER-NARRATIVASA-580x271.jpg\" class=\"full-width wp-post-image\" alt=\"Taller de narrativas promovi\u00f3 el intercambio de experiencias y perspectivas en nuevo encuentro de la Red de Periodistas Migrantes\" title=\"Taller de narrativas promovi\u00f3 el intercambio de experiencias y perspectivas en nuevo encuentro de la Red de Periodistas Migrantes\" srcset=\"https:\/\/www.revistasur.cl\/wp-content\/uploads\/2026\/08\/FOTO-TALLER-NARRATIVASA-580x271.jpg 580w, https:\/\/www.revistasur.cl\/wp-content\/uploads\/2026\/08\/FOTO-TALLER-NARRATIVASA-300x140.jpg 300w, https:\/\/www.revistasur.cl\/wp-content\/uploads\/2026\/08\/FOTO-TALLER-NARRATIVASA-1024x479.jpg 1024w, https:\/\/www.revistasur.cl\/wp-content\/uploads\/2026\/08\/FOTO-TALLER-NARRATIVASA-768x359.jpg 768w, https:\/\/www.revistasur.cl\/wp-content\/uploads\/2026\/08\/FOTO-TALLER-NARRATIVASA-1536x718.jpg 1536w, https:\/\/www.revistasur.cl\/wp-content\/uploads\/2026\/08\/FOTO-TALLER-NARRATIVASA-2048x957.jpg 2048w, https:\/\/www.revistasur.cl\/wp-content\/uploads\/2026\/08\/FOTO-TALLER-NARRATIVASA-860x402.jpg 860w, https:\/\/www.revistasur.cl\/wp-content\/uploads\/2026\/08\/FOTO-TALLER-NARRATIVASA-1160x542.jpg 1160w\" sizes=\"(max-width: 580px) 100vw, 580px\" \/><\/a><\/figure><span class=\"cmsmasters_post_category\"><a href=\"https:\/\/www.revistasur.cl\/revistasur.cl\/category\/migracion\/\" class=\"cmsmasters_cat_color cmsmasters_cat_59\" rel=\"category tag\">Migraci\u00f3n<\/a><\/span><\/div>\r\n\t\t<div class=\"cmsmasters_post_cont\">\r\n\t\t\t<div class=\"cmsmasters_post_info clearfix\"><small class=\"cmsmasters_post_date cmsmasters-icon-custom-icon-clock\"><abbr class=\"published\" title=\"27 agosto, 2026\">27 agosto, 2026<\/abbr><abbr class=\"dn date updated\" title=\"27 agosto, 2026\">27 agosto, 2026<\/abbr><\/small><span class=\"cmsmasters_views cmsmasters_post_views\"><span id=\"cmsmastersView-161624\" class=\"cmsmastersView cmsmasters_theme_icon_view\"><span>0<\/span><\/span><\/span><span class=\"cmsmasters_likes cmsmasters_post_likes\"><a href=\"#\" onclick=\"cmsmastersLike(161624, false); return false;\" id=\"cmsmastersLike-161624\" class=\"cmsmastersLike cmsmasters_theme_icon_like\"><span>0 <\/span><\/a><\/span><\/div><header class=\"cmsmasters_post_header entry-header\"><h3 class=\"cmsmasters_post_title entry-title\"><a href=\"https:\/\/www.revistasur.cl\/revistasur.cl\/2026\/08\/taller-de-narrativas-promovio-el-intercambio-de-experiencias-y-perspectivas-en-nuevo-encuentro-de-la-red-de-periodistas-migrantes\/\">Taller de narrativas promovi\u00f3 el intercambio de experiencias y perspectivas en nuevo encuentro de la Red de Periodistas Migrantes<\/a><\/h3><\/header><div class=\"cmsmasters_post_content entry-content\">\n<p>En el espacio formativo del Cuarto Encuentro Nacional de la Red de Periodistas Migrantes se compartieron vivencias en el contexto digital, entre colegas, comunidad acad\u00e9mica y p\u00fablico asistente.<\/p>\n<\/div>\n<footer class=\"cmsmasters_post_footer entry-meta\"><div class=\"cmsmasters_post_interface clearfix \"><span class=\"cmsmasters_post_author\"><a href=\"https:\/\/www.revistasur.cl\/revistasur.cl\/author\/red-de-periodistas-y-comunicadores-migrantes\/\" class=\"cmsmasters_post_author_avatar\"><\/a>Por <a href=\"https:\/\/www.revistasur.cl\/revistasur.cl\/author\/red-de-periodistas-y-comunicadores-migrantes\/\" title=\"Entrada por Red de Periodistas Migrantes\" class=\"vcard author\" rel=\"author\"><span class=\"fn\">Red de Periodistas Migrantes<\/span><\/a><\/span><\/div><\/footer>\t\t<\/div>\r\n\t<\/div>\r\n<\/article>\r\n<!-- Finish Post Masonry Article  -->\r\n\r\n<!-- Start Post Masonry Article  -->\r\n<article id=\"post-161621\" class=\"cmsmasters_post_masonry post-161621 post type-post status-publish format-standard has-post-thumbnail hentry category-migracion tag-red-de-periodistas\" data-category=\"migracion\">\r\n\t<div class=\"cmsmasters_post_cont_wrap\">\r\n\t\t<div class=\"cmsmasters_post_img_wrap\"><figure class=\"cmsmasters_img_wrap\"><a href=\"https:\/\/www.revistasur.cl\/revistasur.cl\/2026\/08\/cual-es-la-funcion-de-los-medios-comunitarios-en-la-sociedad-y-que-retos-tienen-en-el-tiempo\/\" title=\"\u00bfCu\u00e1l es la funci\u00f3n de los medios comunitarios en la sociedad y qu\u00e9 retos tienen en el tiempo?\" class=\"cmsmasters_img_link\"><img loading=\"lazy\" decoding=\"async\" width=\"580\" height=\"355\" src=\"https:\/\/www.revistasur.cl\/wp-content\/uploads\/2026\/08\/FOTO-TALLER-SOSTENIBILIDAD-DE-MEDIOS-a-2-580x355.jpg\" class=\"full-width wp-post-image\" alt=\"\u00bfCu\u00e1l es la funci\u00f3n de los medios comunitarios en la sociedad y qu\u00e9 retos tienen en el tiempo?\" title=\"\u00bfCu\u00e1l es la funci\u00f3n de los medios comunitarios en la sociedad y qu\u00e9 retos tienen en el tiempo?\" srcset=\"https:\/\/www.revistasur.cl\/wp-content\/uploads\/2026\/08\/FOTO-TALLER-SOSTENIBILIDAD-DE-MEDIOS-a-2-580x355.jpg 580w, https:\/\/www.revistasur.cl\/wp-content\/uploads\/2026\/08\/FOTO-TALLER-SOSTENIBILIDAD-DE-MEDIOS-a-2-300x183.jpg 300w, https:\/\/www.revistasur.cl\/wp-content\/uploads\/2026\/08\/FOTO-TALLER-SOSTENIBILIDAD-DE-MEDIOS-a-2-1024x626.jpg 1024w, https:\/\/www.revistasur.cl\/wp-content\/uploads\/2026\/08\/FOTO-TALLER-SOSTENIBILIDAD-DE-MEDIOS-a-2-768x470.jpg 768w, https:\/\/www.revistasur.cl\/wp-content\/uploads\/2026\/08\/FOTO-TALLER-SOSTENIBILIDAD-DE-MEDIOS-a-2-1536x939.jpg 1536w, https:\/\/www.revistasur.cl\/wp-content\/uploads\/2026\/08\/FOTO-TALLER-SOSTENIBILIDAD-DE-MEDIOS-a-2-2048x1253.jpg 2048w, https:\/\/www.revistasur.cl\/wp-content\/uploads\/2026\/08\/FOTO-TALLER-SOSTENIBILIDAD-DE-MEDIOS-a-2-860x526.jpg 860w, https:\/\/www.revistasur.cl\/wp-content\/uploads\/2026\/08\/FOTO-TALLER-SOSTENIBILIDAD-DE-MEDIOS-a-2-1160x709.jpg 1160w\" sizes=\"(max-width: 580px) 100vw, 580px\" \/><\/a><\/figure><span class=\"cmsmasters_post_category\"><a href=\"https:\/\/www.revistasur.cl\/revistasur.cl\/category\/migracion\/\" class=\"cmsmasters_cat_color cmsmasters_cat_59\" rel=\"category tag\">Migraci\u00f3n<\/a><\/span><\/div>\r\n\t\t<div class=\"cmsmasters_post_cont\">\r\n\t\t\t<div class=\"cmsmasters_post_info clearfix\"><small class=\"cmsmasters_post_date cmsmasters-icon-custom-icon-clock\"><abbr class=\"published\" title=\"27 agosto, 2026\">27 agosto, 2026<\/abbr><abbr class=\"dn date updated\" title=\"27 agosto, 2026\">27 agosto, 2026<\/abbr><\/small><span class=\"cmsmasters_views cmsmasters_post_views\"><span id=\"cmsmastersView-161621\" class=\"cmsmastersView cmsmasters_theme_icon_view\"><span>0<\/span><\/span><\/span><span class=\"cmsmasters_likes cmsmasters_post_likes\"><a href=\"#\" onclick=\"cmsmastersLike(161621, false); return false;\" id=\"cmsmastersLike-161621\" class=\"cmsmastersLike cmsmasters_theme_icon_like\"><span>0 <\/span><\/a><\/span><\/div><header class=\"cmsmasters_post_header entry-header\"><h3 class=\"cmsmasters_post_title entry-title\"><a href=\"https:\/\/www.revistasur.cl\/revistasur.cl\/2026\/08\/cual-es-la-funcion-de-los-medios-comunitarios-en-la-sociedad-y-que-retos-tienen-en-el-tiempo\/\">\u00bfCu\u00e1l es la funci\u00f3n de los medios comunitarios en la sociedad y qu\u00e9 retos tienen en el tiempo?<\/a><\/h3><\/header><div class=\"cmsmasters_post_content entry-content\">\n<p>En el segundo taller del IV Encuentro Nacional de la Red de Periodistas Migrantes, los docentes Juan Ortega y Patricia Matus de la Parra abordaron el rol articulador de los medios comunitarios frente al escenario monopolizado de la comunicaci\u00f3n en Chile, y presentaron un modelo de gesti\u00f3n en cinco dimensiones para pensar su sostenibilidad m\u00e1s all\u00e1 del financiamiento.<\/p>\n<\/div>\n<footer class=\"cmsmasters_post_footer entry-meta\"><div class=\"cmsmasters_post_interface clearfix \"><span class=\"cmsmasters_post_author\"><a href=\"https:\/\/www.revistasur.cl\/revistasur.cl\/author\/red-de-periodistas-y-comunicadores-migrantes\/\" class=\"cmsmasters_post_author_avatar\"><\/a>Por <a href=\"https:\/\/www.revistasur.cl\/revistasur.cl\/author\/red-de-periodistas-y-comunicadores-migrantes\/\" title=\"Entrada por Red de Periodistas Migrantes\" class=\"vcard author\" rel=\"author\"><span class=\"fn\">Red de Periodistas Migrantes<\/span><\/a><\/span><\/div><\/footer>\t\t<\/div>\r\n\t<\/div>\r\n<\/article>\r\n<!-- Finish Post Masonry Article  -->\r\n\r\n<!-- Start Post Masonry Article  -->\r\n<article id=\"post-161609\" class=\"cmsmasters_post_masonry post-161609 post type-post status-publish format-standard has-post-thumbnail hentry category-migracion\" data-category=\"migracion\">\r\n\t<div class=\"cmsmasters_post_cont_wrap\">\r\n\t\t<div class=\"cmsmasters_post_img_wrap\"><figure class=\"cmsmasters_img_wrap\"><a href=\"https:\/\/www.revistasur.cl\/revistasur.cl\/2026\/08\/conversatorio-expuso-que-faltan-espacios-de-participacion-para-las-comunidades-migrantes-en-la-construccion-de-politicas-publicas\/\" title=\"Conversatorio expuso que faltan espacios de participaci\u00f3n para las comunidades migrantes en la construcci\u00f3n de pol\u00edticas p\u00fablicas\" class=\"cmsmasters_img_link\"><img loading=\"lazy\" decoding=\"async\" width=\"580\" height=\"387\" src=\"https:\/\/www.revistasur.cl\/wp-content\/uploads\/2026\/08\/IMG_5818-580x387.jpg\" class=\"full-width wp-post-image\" alt=\"Conversatorio expuso que faltan espacios de participaci\u00f3n para las comunidades migrantes en la construcci\u00f3n de pol\u00edticas p\u00fablicas\" title=\"Conversatorio expuso que faltan espacios de participaci\u00f3n para las comunidades migrantes en la construcci\u00f3n de pol\u00edticas p\u00fablicas\" srcset=\"https:\/\/www.revistasur.cl\/wp-content\/uploads\/2026\/08\/IMG_5818-580x387.jpg 580w, https:\/\/www.revistasur.cl\/wp-content\/uploads\/2026\/08\/IMG_5818-300x200.jpg 300w, https:\/\/www.revistasur.cl\/wp-content\/uploads\/2026\/08\/IMG_5818-1024x683.jpg 1024w, https:\/\/www.revistasur.cl\/wp-content\/uploads\/2026\/08\/IMG_5818-768x512.jpg 768w, https:\/\/www.revistasur.cl\/wp-content\/uploads\/2026\/08\/IMG_5818-1536x1024.jpg 1536w, https:\/\/www.revistasur.cl\/wp-content\/uploads\/2026\/08\/IMG_5818-2048x1366.jpg 2048w, https:\/\/www.revistasur.cl\/wp-content\/uploads\/2026\/08\/IMG_5818-860x574.jpg 860w, https:\/\/www.revistasur.cl\/wp-content\/uploads\/2026\/08\/IMG_5818-1160x774.jpg 1160w\" sizes=\"(max-width: 580px) 100vw, 580px\" \/><\/a><\/figure><span class=\"cmsmasters_post_category\"><a href=\"https:\/\/www.revistasur.cl\/revistasur.cl\/category\/migracion\/\" class=\"cmsmasters_cat_color cmsmasters_cat_59\" rel=\"category tag\">Migraci\u00f3n<\/a><\/span><\/div>\r\n\t\t<div class=\"cmsmasters_post_cont\">\r\n\t\t\t<div class=\"cmsmasters_post_info clearfix\"><small class=\"cmsmasters_post_date cmsmasters-icon-custom-icon-clock\"><abbr class=\"published\" title=\"24 agosto, 2026\">24 agosto, 2026<\/abbr><abbr class=\"dn date updated\" title=\"24 agosto, 2026\">24 agosto, 2026<\/abbr><\/small><span class=\"cmsmasters_views cmsmasters_post_views\"><span id=\"cmsmastersView-161609\" class=\"cmsmastersView cmsmasters_theme_icon_view\"><span>0<\/span><\/span><\/span><span class=\"cmsmasters_likes cmsmasters_post_likes\"><a href=\"#\" onclick=\"cmsmastersLike(161609, false); return false;\" id=\"cmsmastersLike-161609\" class=\"cmsmastersLike cmsmasters_theme_icon_like\"><span>0 <\/span><\/a><\/span><\/div><header class=\"cmsmasters_post_header entry-header\"><h3 class=\"cmsmasters_post_title entry-title\"><a href=\"https:\/\/www.revistasur.cl\/revistasur.cl\/2026\/08\/conversatorio-expuso-que-faltan-espacios-de-participacion-para-las-comunidades-migrantes-en-la-construccion-de-politicas-publicas\/\">Conversatorio expuso que faltan espacios de participaci\u00f3n para las comunidades migrantes en la construcci\u00f3n de pol\u00edticas p\u00fablicas<\/a><\/h3><\/header><div class=\"cmsmasters_post_content entry-content\">\n<p>El di\u00e1logo organizado por la Red de Periodistas Migrantes cont\u00f3 con la participaci\u00f3n de Lorena Fries (diputada de la Rep\u00fablica de Chile), Lorena Oyarz\u00fan (directora de la Escuela de Gobierno de la Universidad de Chile), Vanessa Gonz\u00e1lez (directora de Organizaci\u00f3n Migrantas) y Maximiliano Mendoza (director general de Refugio Latinoamericano), y permiti\u00f3 reflexionar sobre la movilidad humana y agenda p\u00fablica.\u00a0<\/p>\n<\/div>\n<footer class=\"cmsmasters_post_footer entry-meta\"><div class=\"cmsmasters_post_interface clearfix \"><span class=\"cmsmasters_post_author\"><a href=\"https:\/\/www.revistasur.cl\/revistasur.cl\/author\/revistasur\/\" class=\"cmsmasters_post_author_avatar\"><\/a>Por <a href=\"https:\/\/www.revistasur.cl\/revistasur.cl\/author\/revistasur\/\" title=\"Entrada por Revista Sur\" class=\"vcard author\" rel=\"author\"><span class=\"fn\">Revista Sur<\/span><\/a><\/span><\/div><\/footer>\t\t<\/div>\r\n\t<\/div>\r\n<\/article>\r\n<!-- Finish Post Masonry Article  -->\r\n\r\n<\/div><\/div>\n<div id=\"cmsmasters_divider_bhjkqb1e1c\" class=\"cmsmasters_divider cmsmasters_divider_width_long cmsmasters_divider_pos_center\"><\/div>\n<div class=\"cmsmasters_sidebar sidebar_layout_131313\"><aside id=\"custom-posts-tabs-27\" class=\"widget widget_custom_posts_tabs_entries\"><div class=\"cmsmasters_tabs tabs_mode_tab lpr\"><div class=\"cmsmasters_tabs_wrap\"><div class=\"cmsmasters_tab tab_latest\"><ul><li><div class=\"cmsmasters_lpr_tabs_img\"><figure class=\"cmsmasters_img_wrap\"><a href=\"https:\/\/www.revistasur.cl\/revistasur.cl\/2026\/08\/taller-de-narrativas-promovio-el-intercambio-de-experiencias-y-perspectivas-en-nuevo-encuentro-de-la-red-de-periodistas-migrantes\/\" title=\"Taller de narrativas promovi\u00f3 el intercambio de experiencias y perspectivas en nuevo encuentro de la Red de Periodistas Migrantes\" class=\"cmsmasters_img_link\"><img loading=\"lazy\" decoding=\"async\" width=\"120\" height=\"120\" src=\"https:\/\/www.revistasur.cl\/wp-content\/uploads\/2026\/08\/FOTO-TALLER-NARRATIVASA-120x120.jpg\" class=\" wp-post-image\" alt=\"Taller de narrativas promovi\u00f3 el intercambio de experiencias y perspectivas en nuevo encuentro de la Red de Periodistas Migrantes\" title=\"Taller de narrativas promovi\u00f3 el intercambio de experiencias y perspectivas en nuevo encuentro de la Red de Periodistas Migrantes\" srcset=\"https:\/\/www.revistasur.cl\/wp-content\/uploads\/2026\/08\/FOTO-TALLER-NARRATIVASA-120x120.jpg 120w, https:\/\/www.revistasur.cl\/wp-content\/uploads\/2026\/08\/FOTO-TALLER-NARRATIVASA-150x150.jpg 150w, https:\/\/www.revistasur.cl\/wp-content\/uploads\/2026\/08\/FOTO-TALLER-NARRATIVASA-360x360.jpg 360w\" sizes=\"(max-width: 120px) 100vw, 120px\" \/><\/a><\/figure><\/div><div class=\"cmsmasters_lpr_tabs_cont\"><abbr class=\"published\" title=\"27 agosto, 2026\">27 agosto, 2026<\/abbr><a href=\"https:\/\/www.revistasur.cl\/revistasur.cl\/2026\/08\/taller-de-narrativas-promovio-el-intercambio-de-experiencias-y-perspectivas-en-nuevo-encuentro-de-la-red-de-periodistas-migrantes\/\" title=\"Taller de narrativas promovi\u00f3 el intercambio de experiencias y perspectivas en nuevo encuentro de la Red de Periodistas Migrantes\">Taller de narrativas promovi\u00f3 el intercambio de experiencias y perspectivas en nuevo encuentro de la Red de Periodistas Migrantes<\/a><\/div><\/li><li><div class=\"cmsmasters_lpr_tabs_img\"><figure class=\"cmsmasters_img_wrap\"><a href=\"https:\/\/www.revistasur.cl\/revistasur.cl\/2026\/08\/cual-es-la-funcion-de-los-medios-comunitarios-en-la-sociedad-y-que-retos-tienen-en-el-tiempo\/\" title=\"\u00bfCu\u00e1l es la funci\u00f3n de los medios comunitarios en la sociedad y qu\u00e9 retos tienen en el tiempo?\" class=\"cmsmasters_img_link\"><img loading=\"lazy\" decoding=\"async\" width=\"120\" height=\"120\" src=\"https:\/\/www.revistasur.cl\/wp-content\/uploads\/2026\/08\/FOTO-TALLER-SOSTENIBILIDAD-DE-MEDIOS-a-2-120x120.jpg\" class=\" wp-post-image\" alt=\"\u00bfCu\u00e1l es la funci\u00f3n de los medios comunitarios en la sociedad y qu\u00e9 retos tienen en el tiempo?\" title=\"\u00bfCu\u00e1l es la funci\u00f3n de los medios comunitarios en la sociedad y qu\u00e9 retos tienen en el tiempo?\" srcset=\"https:\/\/www.revistasur.cl\/wp-content\/uploads\/2026\/08\/FOTO-TALLER-SOSTENIBILIDAD-DE-MEDIOS-a-2-120x120.jpg 120w, https:\/\/www.revistasur.cl\/wp-content\/uploads\/2026\/08\/FOTO-TALLER-SOSTENIBILIDAD-DE-MEDIOS-a-2-150x150.jpg 150w, https:\/\/www.revistasur.cl\/wp-content\/uploads\/2026\/08\/FOTO-TALLER-SOSTENIBILIDAD-DE-MEDIOS-a-2-360x360.jpg 360w\" sizes=\"(max-width: 120px) 100vw, 120px\" \/><\/a><\/figure><\/div><div class=\"cmsmasters_lpr_tabs_cont\"><abbr class=\"published\" title=\"27 agosto, 2026\">27 agosto, 2026<\/abbr><a href=\"https:\/\/www.revistasur.cl\/revistasur.cl\/2026\/08\/cual-es-la-funcion-de-los-medios-comunitarios-en-la-sociedad-y-que-retos-tienen-en-el-tiempo\/\" title=\"\u00bfCu\u00e1l es la funci\u00f3n de los medios comunitarios en la sociedad y qu\u00e9 retos tienen en el tiempo?\">\u00bfCu\u00e1l es la funci\u00f3n de los medios comunitarios en la sociedad y qu\u00e9 retos tienen en el tiempo?<\/a><\/div><\/li><\/ul><\/div><\/div><\/div><\/aside><aside id=\"custom-posts-tabs-28\" class=\"widget widget_custom_posts_tabs_entries\"><div class=\"cmsmasters_tabs tabs_mode_tab lpr\"><div class=\"cmsmasters_tabs_wrap\"><div class=\"cmsmasters_tab tab_popular\"><ul><li><div class=\"cmsmasters_lpr_tabs_img\"><figure class=\"cmsmasters_img_wrap\"><a href=\"https:\/\/www.revistasur.cl\/revistasur.cl\/2020\/02\/por-favor-dejenme-pasar-la-lista-aunque-estes-lejos-catalina-grita-fuerte-presente\/\" title=\"\u00bbPor favor, d\u00e9jenme pasar la lista. Aunque est\u00e9s lejos, Catalina, grita fuerte \u201c\u00a1presente!\u201d\u00ab\" class=\"cmsmasters_img_link\"><img loading=\"lazy\" decoding=\"async\" width=\"120\" height=\"120\" src=\"https:\/\/www.revistasur.cl\/wp-content\/uploads\/2020\/02\/PSU-Catalina-Sep\u00falveda-Garay-120x120.jpg\" class=\" wp-post-image\" alt=\"\u00bbPor favor, d\u00e9jenme pasar la lista. Aunque est\u00e9s lejos, Catalina, grita fuerte \u201c\u00a1presente!\u201d\u00ab\" title=\"\u00bbPor favor, d\u00e9jenme pasar la lista. Aunque est\u00e9s lejos, Catalina, grita fuerte \u201c\u00a1presente!\u201d\u00ab\" srcset=\"https:\/\/www.revistasur.cl\/wp-content\/uploads\/2020\/02\/PSU-Catalina-Sep\u00falveda-Garay-120x120.jpg 120w, https:\/\/www.revistasur.cl\/wp-content\/uploads\/2020\/02\/PSU-Catalina-Sep\u00falveda-Garay-150x150.jpg 150w, https:\/\/www.revistasur.cl\/wp-content\/uploads\/2020\/02\/PSU-Catalina-Sep\u00falveda-Garay-360x360.jpg 360w\" sizes=\"(max-width: 120px) 100vw, 120px\" \/><\/a><\/figure><\/div><div class=\"cmsmasters_lpr_tabs_cont\"><abbr class=\"published\" title=\"10 febrero, 2020\">10 febrero, 2020<\/abbr><a href=\"https:\/\/www.revistasur.cl\/revistasur.cl\/2020\/02\/por-favor-dejenme-pasar-la-lista-aunque-estes-lejos-catalina-grita-fuerte-presente\/\" title=\"\u00bbPor favor, d\u00e9jenme pasar la lista. Aunque est\u00e9s lejos, Catalina, grita fuerte \u201c\u00a1presente!\u201d\u00ab\">\u00bbPor favor, d\u00e9jenme pasar la lista. Aunque est\u00e9s lejos, Catalina, grita fuerte \u201c\u00a1presente!\u201d\u00ab<\/a><\/div><\/li><li><div class=\"cmsmasters_lpr_tabs_img\"><figure class=\"cmsmasters_img_wrap\"><a href=\"https:\/\/www.revistasur.cl\/revistasur.cl\/2020\/05\/distanciamiento-social-y-tecnologia-riesgos-en-el-uso-de-aplicaciones-durante-la-cuarentena\/\" title=\"Distanciamiento social y tecnolog\u00eda: Riesgos en el uso de aplicaciones durante la cuarentena\" class=\"cmsmasters_img_link\"><img loading=\"lazy\" decoding=\"async\" width=\"120\" height=\"120\" src=\"https:\/\/www.revistasur.cl\/wp-content\/uploads\/2020\/05\/TINDER-y-glovo-120x120.jpg\" class=\" wp-post-image\" alt=\"Distanciamiento social y tecnolog\u00eda: Riesgos en el uso de aplicaciones durante la cuarentena\" title=\"Distanciamiento social y tecnolog\u00eda: Riesgos en el uso de aplicaciones durante la cuarentena\" srcset=\"https:\/\/www.revistasur.cl\/wp-content\/uploads\/2020\/05\/TINDER-y-glovo-120x120.jpg 120w, https:\/\/www.revistasur.cl\/wp-content\/uploads\/2020\/05\/TINDER-y-glovo-150x150.jpg 150w, https:\/\/www.revistasur.cl\/wp-content\/uploads\/2020\/05\/TINDER-y-glovo-360x360.jpg 360w\" sizes=\"(max-width: 120px) 100vw, 120px\" \/><\/a><\/figure><\/div><div class=\"cmsmasters_lpr_tabs_cont\"><abbr class=\"published\" title=\"27 mayo, 2020\">27 mayo, 2020<\/abbr><a href=\"https:\/\/www.revistasur.cl\/revistasur.cl\/2020\/05\/distanciamiento-social-y-tecnologia-riesgos-en-el-uso-de-aplicaciones-durante-la-cuarentena\/\" title=\"Distanciamiento social y tecnolog\u00eda: Riesgos en el uso de aplicaciones durante la cuarentena\">Distanciamiento social y tecnolog\u00eda: Riesgos en el uso de aplicaciones durante la cuarentena<\/a><\/div><\/li><\/ul><\/div><\/div><\/div><\/aside><aside id=\"custom-posts-tabs-29\" class=\"widget widget_custom_posts_tabs_entries\"><div class=\"cmsmasters_tabs tabs_mode_tab lpr\"><div class=\"cmsmasters_tabs_wrap\"><div class=\"cmsmasters_tab tab_latest\"><ul><li><div class=\"cmsmasters_lpr_tabs_img\"><figure class=\"cmsmasters_img_wrap\"><a href=\"https:\/\/www.revistasur.cl\/revistasur.cl\/2026\/08\/taller-de-narrativas-promovio-el-intercambio-de-experiencias-y-perspectivas-en-nuevo-encuentro-de-la-red-de-periodistas-migrantes\/\" title=\"Taller de narrativas promovi\u00f3 el intercambio de experiencias y perspectivas en nuevo encuentro de la Red de Periodistas Migrantes\" class=\"cmsmasters_img_link\"><img loading=\"lazy\" decoding=\"async\" width=\"120\" height=\"120\" src=\"https:\/\/www.revistasur.cl\/wp-content\/uploads\/2026\/08\/FOTO-TALLER-NARRATIVASA-120x120.jpg\" class=\" wp-post-image\" alt=\"Taller de narrativas promovi\u00f3 el intercambio de experiencias y perspectivas en nuevo encuentro de la Red de Periodistas Migrantes\" title=\"Taller de narrativas promovi\u00f3 el intercambio de experiencias y perspectivas en nuevo encuentro de la Red de Periodistas Migrantes\" srcset=\"https:\/\/www.revistasur.cl\/wp-content\/uploads\/2026\/08\/FOTO-TALLER-NARRATIVASA-120x120.jpg 120w, https:\/\/www.revistasur.cl\/wp-content\/uploads\/2026\/08\/FOTO-TALLER-NARRATIVASA-150x150.jpg 150w, https:\/\/www.revistasur.cl\/wp-content\/uploads\/2026\/08\/FOTO-TALLER-NARRATIVASA-360x360.jpg 360w\" sizes=\"(max-width: 120px) 100vw, 120px\" \/><\/a><\/figure><\/div><div class=\"cmsmasters_lpr_tabs_cont\"><abbr class=\"published\" title=\"27 agosto, 2026\">27 agosto, 2026<\/abbr><a href=\"https:\/\/www.revistasur.cl\/revistasur.cl\/2026\/08\/taller-de-narrativas-promovio-el-intercambio-de-experiencias-y-perspectivas-en-nuevo-encuentro-de-la-red-de-periodistas-migrantes\/\" title=\"Taller de narrativas promovi\u00f3 el intercambio de experiencias y perspectivas en nuevo encuentro de la Red de Periodistas Migrantes\">Taller de narrativas promovi\u00f3 el intercambio de experiencias y perspectivas en nuevo encuentro de la Red de Periodistas Migrantes<\/a><\/div><\/li><li><div class=\"cmsmasters_lpr_tabs_img\"><figure class=\"cmsmasters_img_wrap\"><a href=\"https:\/\/www.revistasur.cl\/revistasur.cl\/2026\/08\/cual-es-la-funcion-de-los-medios-comunitarios-en-la-sociedad-y-que-retos-tienen-en-el-tiempo\/\" title=\"\u00bfCu\u00e1l es la funci\u00f3n de los medios comunitarios en la sociedad y qu\u00e9 retos tienen en el tiempo?\" class=\"cmsmasters_img_link\"><img loading=\"lazy\" decoding=\"async\" width=\"120\" height=\"120\" src=\"https:\/\/www.revistasur.cl\/wp-content\/uploads\/2026\/08\/FOTO-TALLER-SOSTENIBILIDAD-DE-MEDIOS-a-2-120x120.jpg\" class=\" wp-post-image\" alt=\"\u00bfCu\u00e1l es la funci\u00f3n de los medios comunitarios en la sociedad y qu\u00e9 retos tienen en el tiempo?\" title=\"\u00bfCu\u00e1l es la funci\u00f3n de los medios comunitarios en la sociedad y qu\u00e9 retos tienen en el tiempo?\" srcset=\"https:\/\/www.revistasur.cl\/wp-content\/uploads\/2026\/08\/FOTO-TALLER-SOSTENIBILIDAD-DE-MEDIOS-a-2-120x120.jpg 120w, https:\/\/www.revistasur.cl\/wp-content\/uploads\/2026\/08\/FOTO-TALLER-SOSTENIBILIDAD-DE-MEDIOS-a-2-150x150.jpg 150w, https:\/\/www.revistasur.cl\/wp-content\/uploads\/2026\/08\/FOTO-TALLER-SOSTENIBILIDAD-DE-MEDIOS-a-2-360x360.jpg 360w\" sizes=\"(max-width: 120px) 100vw, 120px\" \/><\/a><\/figure><\/div><div class=\"cmsmasters_lpr_tabs_cont\"><abbr class=\"published\" title=\"27 agosto, 2026\">27 agosto, 2026<\/abbr><a href=\"https:\/\/www.revistasur.cl\/revistasur.cl\/2026\/08\/cual-es-la-funcion-de-los-medios-comunitarios-en-la-sociedad-y-que-retos-tienen-en-el-tiempo\/\" title=\"\u00bfCu\u00e1l es la funci\u00f3n de los medios comunitarios en la sociedad y qu\u00e9 retos tienen en el tiempo?\">\u00bfCu\u00e1l es la funci\u00f3n de los medios comunitarios en la sociedad y qu\u00e9 retos tienen en el tiempo?<\/a><\/div><\/li><\/ul><\/div><\/div><\/div><\/aside><div class=\"cl\"><\/div>\n<\/div>\n<\/div><\/div>\n<div id=\"cmsmasters_column_xvotkb4we\" class=\"cmsmasters_column one_fourth cmsmasters_column_sticky one_first_md\">\n<div class=\"cmsmasters_column_inner\">\n<div class=\"cmsmasters_sidebar sidebar_layout_11\">\n\t\t<aside id=\"recent-posts-10\" class=\"widget widget_recent_entries\">\n\t\t<h3 class=\"widgettitle\"><span>Destacados<\/span><\/h3>\n\t\t<ul>\n\t\t\t\t\t\t\t\t\t\t\t<li>\n\t\t\t\t\t<a href=\"https:\/\/www.revistasur.cl\/revistasur.cl\/2026\/08\/taller-de-narrativas-promovio-el-intercambio-de-experiencias-y-perspectivas-en-nuevo-encuentro-de-la-red-de-periodistas-migrantes\/\">Taller de narrativas promovi\u00f3 el intercambio de experiencias y perspectivas en nuevo encuentro de la Red de Periodistas Migrantes<\/a>\n\t\t\t\t\t\t\t\t\t\t\t<span class=\"post-date\">27 agosto, 2026<\/span>\n\t\t\t\t\t\t\t\t\t<\/li>\n\t\t\t\t\t\t\t\t\t\t\t<li>\n\t\t\t\t\t<a href=\"https:\/\/www.revistasur.cl\/revistasur.cl\/2026\/08\/cual-es-la-funcion-de-los-medios-comunitarios-en-la-sociedad-y-que-retos-tienen-en-el-tiempo\/\">\u00bfCu\u00e1l es la funci\u00f3n de los medios comunitarios en la sociedad y qu\u00e9 retos tienen en el tiempo?<\/a>\n\t\t\t\t\t\t\t\t\t\t\t<span class=\"post-date\">27 agosto, 2026<\/span>\n\t\t\t\t\t\t\t\t\t<\/li>\n\t\t\t\t\t\t\t\t\t\t\t<li>\n\t\t\t\t\t<a href=\"https:\/\/www.revistasur.cl\/revistasur.cl\/2026\/08\/cuando-la-tierra-tiembla-tambien-se-fracturan-las-condiciones-de-bienestar-terremoto-en-venezuela-migracion-y-bienestar\/\">Cuando la tierra tiembla, tambi\u00e9n se fracturan las condiciones de Bienestar. Terremoto en Venezuela, migraci\u00f3n y bienestar<\/a>\n\t\t\t\t\t\t\t\t\t\t\t<span class=\"post-date\">25 agosto, 2026<\/span>\n\t\t\t\t\t\t\t\t\t<\/li>\n\t\t\t\t\t\t\t\t\t\t\t<li>\n\t\t\t\t\t<a href=\"https:\/\/www.revistasur.cl\/revistasur.cl\/2026\/08\/hipersexualizacion-de-los-cuerpos-migrantes-un-acento-no-es-una-invitacion\/\">Hipersexualizaci\u00f3n de los cuerpos Migrantes: \u201cUn acento no es una invitaci\u00f3n\u201d<\/a>\n\t\t\t\t\t\t\t\t\t\t\t<span class=\"post-date\">24 agosto, 2026<\/span>\n\t\t\t\t\t\t\t\t\t<\/li>\n\t\t\t\t\t\t\t\t\t\t\t<li>\n\t\t\t\t\t<a href=\"https:\/\/www.revistasur.cl\/revistasur.cl\/2026\/08\/conversatorio-expuso-que-faltan-espacios-de-participacion-para-las-comunidades-migrantes-en-la-construccion-de-politicas-publicas\/\">Conversatorio expuso que faltan espacios de participaci\u00f3n para las comunidades migrantes en la construcci\u00f3n de pol\u00edticas p\u00fablicas<\/a>\n\t\t\t\t\t\t\t\t\t\t\t<span class=\"post-date\">24 agosto, 2026<\/span>\n\t\t\t\t\t\t\t\t\t<\/li>\n\t\t\t\t\t\t\t\t\t\t\t<li>\n\t\t\t\t\t<a href=\"https:\/\/www.revistasur.cl\/revistasur.cl\/2026\/08\/la-red-de-periodistas-migrantes-realizo-su-iv-encuentro-nacional-para-fortalecer-la-participacion-e-incidencia-de-las-comunidades\/\">La Red de Periodistas Migrantes realiz\u00f3 su IV Encuentro Nacional para fortalecer la participaci\u00f3n e incidencia de las comunidades<\/a>\n\t\t\t\t\t\t\t\t\t\t\t<span class=\"post-date\">18 agosto, 2026<\/span>\n\t\t\t\t\t\t\t\t\t<\/li>\n\t\t\t\t\t<\/ul>\n\n\t\t<\/aside><div class=\"cl\"><\/div>\n<\/div>\n<div class=\"cmsmasters_sidebar sidebar_layout_11\"><div class=\"cl\"><\/div>\n<\/div>\n<\/div><\/div>\n<\/div>\n<\/div>\n<\/div>\n<\/div>\n<\/div>\n\n","protected":false},"excerpt":{"rendered":"","protected":false},"author":3,"featured_media":0,"parent":0,"menu_order":0,"comment_status":"closed","ping_status":"closed","template":"","meta":{"footnotes":""},"yoast_head":"<!-- This site is optimized with the Yoast SEO plugin v22.7 - https:\/\/yoast.com\/wordpress\/plugins\/seo\/ -->\n<title>Inicio - Revista Sur<\/title>\n<meta name=\"robots\" content=\"index, follow, max-snippet:-1, max-image-preview:large, max-video-preview:-1\" \/>\n<link rel=\"canonical\" href=\"https:\/\/www.revistasur.cl\/revistasur.cl\/\" \/>\n<meta property=\"og:locale\" content=\"es_ES\" \/>\n<meta property=\"og:type\" content=\"article\" \/>\n<meta property=\"og:title\" content=\"Inicio - Revista Sur\" \/>\n<meta property=\"og:url\" content=\"https:\/\/www.revistasur.cl\/revistasur.cl\/\" \/>\n<meta property=\"og:site_name\" content=\"Revista Sur\" \/>\n<meta property=\"article:modified_time\" content=\"2020-12-09T21:29:27+00:00\" \/>\n<meta name=\"twitter:card\" content=\"summary_large_image\" \/>\n<meta name=\"twitter:label1\" content=\"Tiempo de lectura\" \/>\n\t<meta name=\"twitter:data1\" content=\"4 minutos\" \/>\n<script type=\"application\/ld+json\" class=\"yoast-schema-graph\">{\"@context\":\"https:\/\/schema.org\",\"@graph\":[{\"@type\":\"WebPage\",\"@id\":\"https:\/\/www.revistasur.cl\/revistasur.cl\/\",\"url\":\"https:\/\/www.revistasur.cl\/revistasur.cl\/\",\"name\":\"Inicio - Revista Sur\",\"isPartOf\":{\"@id\":\"https:\/\/www.revistasur.cl\/revistasur.cl\/#website\"},\"datePublished\":\"2015-11-18T08:37:53+00:00\",\"dateModified\":\"2020-12-09T21:29:27+00:00\",\"breadcrumb\":{\"@id\":\"https:\/\/www.revistasur.cl\/revistasur.cl\/#breadcrumb\"},\"inLanguage\":\"es\",\"potentialAction\":[{\"@type\":\"ReadAction\",\"target\":[\"https:\/\/www.revistasur.cl\/revistasur.cl\/\"]}]},{\"@type\":\"BreadcrumbList\",\"@id\":\"https:\/\/www.revistasur.cl\/revistasur.cl\/#breadcrumb\",\"itemListElement\":[{\"@type\":\"ListItem\",\"position\":1,\"name\":\"Portada\",\"item\":\"https:\/\/www.revistasur.cl\/revistasur.cl\/\"},{\"@type\":\"ListItem\",\"position\":2,\"name\":\"Inicio\"}]},{\"@type\":\"WebSite\",\"@id\":\"https:\/\/www.revistasur.cl\/revistasur.cl\/#website\",\"url\":\"https:\/\/www.revistasur.cl\/revistasur.cl\/\",\"name\":\"Revista Sur\",\"description\":\"Donde la Migraci\u00f3n no es minor\u00eda\",\"potentialAction\":[{\"@type\":\"SearchAction\",\"target\":{\"@type\":\"EntryPoint\",\"urlTemplate\":\"https:\/\/www.revistasur.cl\/revistasur.cl\/?s={search_term_string}\"},\"query-input\":\"required name=search_term_string\"}],\"inLanguage\":\"es\"}]}<\/script>\n<!-- \/ Yoast SEO plugin. -->","yoast_head_json":{"title":"Inicio - Revista Sur","robots":{"index":"index","follow":"follow","max-snippet":"max-snippet:-1","max-image-preview":"max-image-preview:large","max-video-preview":"max-video-preview:-1"},"canonical":"https:\/\/www.revistasur.cl\/revistasur.cl\/","og_locale":"es_ES","og_type":"article","og_title":"Inicio - Revista Sur","og_url":"https:\/\/www.revistasur.cl\/revistasur.cl\/","og_site_name":"Revista Sur","article_modified_time":"2020-12-09T21:29:27+00:00","twitter_card":"summary_large_image","twitter_misc":{"Tiempo de lectura":"4 minutos"},"schema":{"@context":"https:\/\/schema.org","@graph":[{"@type":"WebPage","@id":"https:\/\/www.revistasur.cl\/revistasur.cl\/","url":"https:\/\/www.revistasur.cl\/revistasur.cl\/","name":"Inicio - Revista Sur","isPartOf":{"@id":"https:\/\/www.revistasur.cl\/revistasur.cl\/#website"},"datePublished":"2015-11-18T08:37:53+00:00","dateModified":"2020-12-09T21:29:27+00:00","breadcrumb":{"@id":"https:\/\/www.revistasur.cl\/revistasur.cl\/#breadcrumb"},"inLanguage":"es","potentialAction":[{"@type":"ReadAction","target":["https:\/\/www.revistasur.cl\/revistasur.cl\/"]}]},{"@type":"BreadcrumbList","@id":"https:\/\/www.revistasur.cl\/revistasur.cl\/#breadcrumb","itemListElement":[{"@type":"ListItem","position":1,"name":"Portada","item":"https:\/\/www.revistasur.cl\/revistasur.cl\/"},{"@type":"ListItem","position":2,"name":"Inicio"}]},{"@type":"WebSite","@id":"https:\/\/www.revistasur.cl\/revistasur.cl\/#website","url":"https:\/\/www.revistasur.cl\/revistasur.cl\/","name":"Revista Sur","description":"Donde la Migraci\u00f3n no es minor\u00eda","potentialAction":[{"@type":"SearchAction","target":{"@type":"EntryPoint","urlTemplate":"https:\/\/www.revistasur.cl\/revistasur.cl\/?s={search_term_string}"},"query-input":"required name=search_term_string"}],"inLanguage":"es"}]}},"_links":{"self":[{"href":"https:\/\/www.revistasur.cl\/revistasur.cl\/wp-json\/wp\/v2\/pages\/16272"}],"collection":[{"href":"https:\/\/www.revistasur.cl\/revistasur.cl\/wp-json\/wp\/v2\/pages"}],"about":[{"href":"https:\/\/www.revistasur.cl\/revistasur.cl\/wp-json\/wp\/v2\/types\/page"}],"author":[{"embeddable":true,"href":"https:\/\/www.revistasur.cl\/revistasur.cl\/wp-json\/wp\/v2\/users\/3"}],"replies":[{"embeddable":true,"href":"https:\/\/www.revistasur.cl\/revistasur.cl\/wp-json\/wp\/v2\/comments?post=16272"}],"version-history":[{"count":29,"href":"https:\/\/www.revistasur.cl\/revistasur.cl\/wp-json\/wp\/v2\/pages\/16272\/revisions"}],"predecessor-version":[{"id":160485,"href":"https:\/\/www.revistasur.cl\/revistasur.cl\/wp-json\/wp\/v2\/pages\/16272\/revisions\/160485"}],"wp:attachment":[{"href":"https:\/\/www.revistasur.cl\/revistasur.cl\/wp-json\/wp\/v2\/media?parent=16272"}],"curies":[{"name":"wp","href":"https:\/\/api.w.org\/{rel}","templated":true}]}}